{"id":569,"date":"2019-03-09T01:08:37","date_gmt":"2019-03-09T00:08:37","guid":{"rendered":"http:\/\/home.pf.jcu.cz\/~upvm\/2019\/?page_id=569"},"modified":"2021-03-13T00:28:13","modified_gmt":"2021-03-12T23:28:13","slug":"seznam-registrovanych-ucastniku","status":"publish","type":"page","link":"http:\/\/home.pf.jcu.cz\/~upvm\/2021\/index.php\/seznam-registrovanych-ucastniku\/","title":{"rendered":"Seznam p\u0159ihl\u00e1\u0161en\u00fdch a jejich p\u0159\u00edsp\u011bvk\u016f"},"content":{"rendered":"<table class=\"seznam_ucastniku\">\n  <tr>\n    <th class=\"jmeno_prijmeni\">Jm\u00e9no a p\u0159\u00edjmen\u00ed<\/th>\n    <th class=\"prispevek\">P\u0159\u00edsp\u011bvek<\/th>\n  <\/tr>\n  <tr class=\"lichy\">\n    <td>\n      Al\u017eb\u011bta Bachurov\u00e1 Bc.    <\/td>\n    <td>\n<span class=\"bezprispevku\">bez p\u0159\u00edsp\u011bvku<\/span><\/td>\n    \n  <\/tr>\n  <tr class=\"sudy\">\n    <td>\n      \u0160\u00e1rka Baronov\u00e1 Mgr.    <\/td>\n    <td>\n<span class=\"bezprispevku\">bez p\u0159\u00edsp\u011bvku<\/span><\/td>\n    \n  <\/tr>\n  <tr class=\"lichy\">\n    <td>\n      V\u00e1clav Bendl     <\/td>\n    <td>\n<span class=\"bezprispevku\">bez p\u0159\u00edsp\u011bvku<\/span><\/td>\n    \n  <\/tr>\n  <tr class=\"sudy\">\n    <td>\n      Eli\u0161ka Ber\u00e1nkov\u00e1 Mgr.    <\/td>\n    <td>\n<span class=\"bezprispevku\">bez p\u0159\u00edsp\u011bvku<\/span><\/td>\n    \n  <\/tr>\n  <tr class=\"lichy\">\n    <td>\n      Lucie Ber\u00e1nkov\u00e1 Mgr.    <\/td>\n    <td>\n<span class=\"bezprispevku\">bez p\u0159\u00edsp\u011bvku<\/span><\/td>\n    \n  <\/tr>\n  <tr class=\"sudy\">\n    <td>\n      Daniela B\u00edmov\u00e1 Mgr., Ph.D.    <\/td>\n    <td>\n<a href=\"http:\/\/home.pf.jcu.cz\/~upvm\/2021\/wp-content\/themes\/upvm\/registrace\/getfile.php?id=181\" title=\"Anotace p\u0159\u00edsp\u011bvku Kde nepom\u00e1haj\u00ed virtu\u00e1ln\u00ed animace, mohou pomoci 3D modely.\">Kde nepom\u00e1haj\u00ed virtu\u00e1ln\u00ed animace, mohou pomoci 3D modely<\/a><\/td>\n    \n  <\/tr>\n  <tr class=\"lichy\">\n    <td>\n      Bohuslav Bohdal Mgr.    <\/td>\n    <td>\n<span class=\"bezprispevku\">bez p\u0159\u00edsp\u011bvku<\/span><\/td>\n    \n  <\/tr>\n  <tr class=\"sudy\">\n    <td>\n      Ji\u0159\u00ed B\u0159ehovsk\u00fd Mgr., Ph.D.    <\/td>\n    <td>\n<a href=\"http:\/\/home.pf.jcu.cz\/~upvm\/2021\/wp-content\/themes\/upvm\/registrace\/getfile.php?id=184\" title=\"Anotace p\u0159\u00edsp\u011bvku Kombinatorika v geometrii? \u017d\u00e1dn\u00fd probl\u00e9m..\">Kombinatorika v geometrii? \u017d\u00e1dn\u00fd probl\u00e9m.<\/a><\/td>\n    \n  <\/tr>\n  <tr class=\"lichy\">\n    <td>\n      Franti\u0161ek Buben\u00edk Doc. RNDr. CSc.    <\/td>\n    <td>\n<a href=\"http:\/\/home.pf.jcu.cz\/~upvm\/2021\/wp-content\/themes\/upvm\/registrace\/getfile.php?id=204\" title=\"Anotace p\u0159\u00edsp\u011bvku Distan\u010dn\u00ed v\u00fduka matematiky na Fakult\u011b stavebn\u00ed \u010cVUT Praha.\">Distan\u010dn\u00ed v\u00fduka matematiky na Fakult\u011b stavebn\u00ed \u010cVUT Praha<\/a><\/td>\n    \n  <\/tr>\n  <tr class=\"sudy\">\n    <td>\n      \u0160t\u011bp\u00e1n Buzek Bakal\u00e1\u0159    <\/td>\n    <td>\n<span class=\"bezprispevku\">bez p\u0159\u00edsp\u011bvku<\/span><\/td>\n    \n  <\/tr>\n  <tr class=\"lichy\">\n    <td>\n      Jana Cachov\u00e1     <\/td>\n    <td>\n<a href=\"http:\/\/home.pf.jcu.cz\/~upvm\/2021\/wp-content\/themes\/upvm\/registrace\/getfile.php?id=201\" title=\"Anotace p\u0159\u00edsp\u011bvku \u0158e\u0161en\u00ed \u00faloh ve \u010dtvercov\u00e9 a troj\u00faheln\u00edkov\u00e9 m\u0159\u00ed\u017ei pohledem GeoGebra Classroom.\">\u0158e\u0161en\u00ed \u00faloh ve \u010dtvercov\u00e9 a troj\u00faheln\u00edkov\u00e9 m\u0159\u00ed\u017ei pohledem GeoGebra Classroom<\/a><\/td>\n    \n  <\/tr>\n  <tr class=\"sudy\">\n    <td>\n      Miroslav Codl Mgr.    <\/td>\n    <td>\n<span class=\"bezprispevku\">bez p\u0159\u00edsp\u011bvku<\/span><\/td>\n    \n  <\/tr>\n  <tr class=\"lichy\">\n    <td>\n      Zde\u0148ka Crkalov\u00e1 RNDr.    <\/td>\n    <td>\n<span class=\"bezprispevku\">bez p\u0159\u00edsp\u011bvku<\/span><\/td>\n    \n  <\/tr>\n  <tr class=\"sudy\">\n    <td>\n      Adam \u010cech Mgr.    <\/td>\n    <td>\n<span class=\"bezprispevku\">bez p\u0159\u00edsp\u011bvku<\/span><\/td>\n    \n  <\/tr>\n  <tr class=\"lichy\">\n    <td>\n      V\u011bra \u010cervenkov\u00e1 Mgr.    <\/td>\n    <td>\n<span class=\"bezprispevku\">bez p\u0159\u00edsp\u011bvku<\/span><\/td>\n    \n  <\/tr>\n  <tr class=\"sudy\">\n    <td>\n      Tom\u00e1\u0161 Dan\u011bk Mgr.    <\/td>\n    <td>\n<span class=\"bezprispevku\">bez p\u0159\u00edsp\u011bvku<\/span><\/td>\n    \n  <\/tr>\n  <tr class=\"lichy\">\n    <td>\n      Lenka Dedkov\u00e1 Mgr.    <\/td>\n    <td>\n<span class=\"bezprispevku\">bez p\u0159\u00edsp\u011bvku<\/span><\/td>\n    \n  <\/tr>\n  <tr class=\"sudy\">\n    <td>\n      Jana Dole\u017ealov\u00e1 Mgr.    <\/td>\n    <td>\n<span class=\"bezprispevku\">bez p\u0159\u00edsp\u011bvku<\/span><\/td>\n    \n  <\/tr>\n  <tr class=\"lichy\">\n    <td>\n      Kl\u00e1ra Drsov\u00e1 Mgr.    <\/td>\n    <td>\n<span class=\"bezprispevku\">bez p\u0159\u00edsp\u011bvku<\/span><\/td>\n    \n  <\/tr>\n  <tr class=\"sudy\">\n    <td>\n      Zolt\u00e1n Feh\u00e9r RNDR. PhD.    <\/td>\n    <td>\n<a href=\"http:\/\/home.pf.jcu.cz\/~upvm\/2021\/wp-content\/themes\/upvm\/registrace\/getfile.php?id=198\" title=\"Anotace p\u0159\u00edsp\u011bvku Porovnanie v\u00fdsledkov \u0161tudentov pod\u013ea kontextu \u00falohy v teste z v\u00fdrokovej logiky.\">Porovnanie v\u00fdsledkov \u0161tudentov pod\u013ea kontextu \u00falohy v teste z v\u00fdrokovej logiky<\/a><\/td>\n    \n  <\/tr>\n  <tr class=\"lichy\">\n    <td>\n      V\u011bra Ferdi\u00e1nov\u00e1     <\/td>\n    <td>\n<a href=\"http:\/\/home.pf.jcu.cz\/~upvm\/2021\/wp-content\/themes\/upvm\/registrace\/getfile.php?id=206\" title=\"Anotace p\u0159\u00edsp\u011bvku Roz\u0161\u00ed\u0159en\u00e1 realita ve vybran\u00fdch \u00faloh\u00e1ch stereometrie.\">Roz\u0161\u00ed\u0159en\u00e1 realita ve vybran\u00fdch \u00faloh\u00e1ch stereometrie<\/a><\/td>\n    \n  <\/tr>\n  <tr class=\"sudy\">\n    <td>\n      Jan Fiala RNDr. PhDr. Ph.D.    <\/td>\n    <td>\n<a href=\"http:\/\/home.pf.jcu.cz\/~upvm\/2021\/wp-content\/themes\/upvm\/registrace\/getfile.php?id=174\" title=\"Anotace p\u0159\u00edsp\u011bvku Simulace hodu kostkou v programu GeoGebra.\">Simulace hodu kostkou v programu GeoGebra<\/a><\/td>\n    \n  <\/tr>\n  <tr class=\"lichy\">\n    <td>\n      Radka Fialov\u00e1 Mgr.    <\/td>\n    <td>\n<span class=\"bezprispevku\">bez p\u0159\u00edsp\u011bvku<\/span><\/td>\n    \n  <\/tr>\n  <tr class=\"sudy\">\n    <td>\n      Stanislav Fiedler Mgr.    <\/td>\n    <td>\n<span class=\"bezprispevku\">bez p\u0159\u00edsp\u011bvku<\/span><\/td>\n    \n  <\/tr>\n  <tr class=\"lichy\">\n    <td>\n      Luk\u00e1\u0161 Filip Mgr.    <\/td>\n    <td>\n<span class=\"bezprispevku\">bez p\u0159\u00edsp\u011bvku<\/span><\/td>\n    \n  <\/tr>\n  <tr class=\"sudy\">\n    <td>\n      Ilona Fo\u0159tov\u00e1 RNDr.    <\/td>\n    <td>\n<span class=\"bezprispevku\">bez p\u0159\u00edsp\u011bvku<\/span><\/td>\n    \n  <\/tr>\n  <tr class=\"lichy\">\n    <td>\n      Eduard Fuchs Doc. RNDr. CSc.    <\/td>\n    <td>\n<span class=\"bezprispevku\">bez p\u0159\u00edsp\u011bvku<\/span><\/td>\n    \n  <\/tr>\n  <tr class=\"sudy\">\n    <td>\n      \u0160tefan Gubo RNDr., PhD.    <\/td>\n    <td>\n<a href=\"http:\/\/home.pf.jcu.cz\/~upvm\/2021\/wp-content\/themes\/upvm\/registrace\/getfile.php?id=194\" title=\"Anotace p\u0159\u00edsp\u011bvku \u00daspe\u0161nos\u0165 \u017eiakov stredn\u00fdch \u0161k\u00f4l na Slovensku i v Ma\u010farsku v rie\u0161en\u00ed \u00faloh z informatiky testu STEM - v\u00fdsledky pilotn\u00e9ho prieskumu.\">\u00daspe\u0161nos\u0165 \u017eiakov stredn\u00fdch \u0161k\u00f4l na Slovensku i v Ma\u010farsku v rie\u0161en\u00ed \u00faloh z informatiky testu STEM - v\u00fdsledky pilotn\u00e9ho prieskumu<\/a><\/td>\n    \n  <\/tr>\n  <tr class=\"lichy\">\n    <td>\n      Silvia Haringov\u00e1 Mgr.    <\/td>\n    <td>\n<a href=\"http:\/\/home.pf.jcu.cz\/~upvm\/2021\/wp-content\/themes\/upvm\/registrace\/getfile.php?id=187\" title=\"Anotace p\u0159\u00edsp\u011bvku Matematick\u00e9 prech\u00e1dzky (workshop).\">Matematick\u00e9 prech\u00e1dzky (workshop)<\/a><\/td>\n    \n  <\/tr>\n  <tr class=\"sudy\">\n    <td>\n      Roman Ha\u0161ek     <\/td>\n    <td>\n<span class=\"bezprispevku\">bez p\u0159\u00edsp\u011bvku<\/span><\/td>\n    \n  <\/tr>\n  <tr class=\"lichy\">\n    <td>\n      Viktor He\u0159m\u00e1nek Mgr.    <\/td>\n    <td>\n<span class=\"bezprispevku\">bez p\u0159\u00edsp\u011bvku<\/span><\/td>\n    \n  <\/tr>\n  <tr class=\"sudy\">\n    <td>\n      Jana Hnatov\u00e1 RNDr. PhD.    <\/td>\n    <td>\n<a href=\"http:\/\/home.pf.jcu.cz\/~upvm\/2021\/wp-content\/themes\/upvm\/registrace\/getfile.php?id=197\" title=\"Anotace p\u0159\u00edsp\u011bvku Multimedi\u00e1lna podpora eduka\u010dnej aktivity v matematike technol\u00f3giou roz\u0161\u00edrenej reality.\">Multimedi\u00e1lna podpora eduka\u010dnej aktivity v matematike technol\u00f3giou roz\u0161\u00edrenej reality<\/a><\/td>\n    \n  <\/tr>\n  <tr class=\"lichy\">\n    <td>\n      Pavla Hnili\u010dkov\u00e1 Mgr    <\/td>\n    <td>\n<span class=\"bezprispevku\">bez p\u0159\u00edsp\u011bvku<\/span><\/td>\n    \n  <\/tr>\n  <tr class=\"sudy\">\n    <td>\n      Jan Hoffman Mgr.    <\/td>\n    <td>\n<span class=\"bezprispevku\">bez p\u0159\u00edsp\u011bvku<\/span><\/td>\n    \n  <\/tr>\n  <tr class=\"lichy\">\n    <td>\n      Martin Hole\u010dek     <\/td>\n    <td>\n<span class=\"bezprispevku\">bez p\u0159\u00edsp\u011bvku<\/span><\/td>\n    \n  <\/tr>\n  <tr class=\"sudy\">\n    <td>\n      Jaroslava Honsov\u00e1 Mgr.    <\/td>\n    <td>\n<span class=\"bezprispevku\">bez p\u0159\u00edsp\u011bvku<\/span><\/td>\n    \n  <\/tr>\n  <tr class=\"lichy\">\n    <td>\n      Jaroslav Hora doc. RNDr. CSc.    <\/td>\n    <td>\n<a href=\"http:\/\/home.pf.jcu.cz\/~upvm\/2021\/wp-content\/themes\/upvm\/registrace\/getfile.php?id=188\" title=\"Anotace p\u0159\u00edsp\u011bvku Eulerova faktoriza\u010dn\u00ed metoda.\">Eulerova faktoriza\u010dn\u00ed metoda<\/a><\/td>\n    \n  <\/tr>\n  <tr class=\"sudy\">\n    <td>\n      V\u00e1clav Hor\u00e1zn\u00fd Ing.    <\/td>\n    <td>\n<span class=\"bezprispevku\">bez p\u0159\u00edsp\u011bvku<\/span><\/td>\n    \n  <\/tr>\n  <tr class=\"lichy\">\n    <td>\n      Hana Hraz\u00e1nkov\u00e1 Mgr.    <\/td>\n    <td>\n<span class=\"bezprispevku\">bez p\u0159\u00edsp\u011bvku<\/span><\/td>\n    \n  <\/tr>\n  <tr class=\"sudy\">\n    <td>\n      Marika Hrube\u0161ov\u00e1 RNDr., Ph.D.    <\/td>\n    <td>\n<a href=\"http:\/\/home.pf.jcu.cz\/~upvm\/2021\/wp-content\/themes\/upvm\/registrace\/getfile.php?id=185\" title=\"Anotace p\u0159\u00edsp\u011bvku Kahoot v hodin\u00e1ch matematiky.\">Kahoot v hodin\u00e1ch matematiky<\/a><\/td>\n    \n  <\/tr>\n  <tr class=\"lichy\">\n    <td>\n      Miroslava Huclov\u00e1 PhDr., Ph.D.    <\/td>\n    <td>\n<a href=\"http:\/\/home.pf.jcu.cz\/~upvm\/2021\/wp-content\/themes\/upvm\/registrace\/getfile.php?id=176\" title=\"Anotace p\u0159\u00edsp\u011bvku Efektivita v\u00fduky st\u0159edov\u00e9 soum\u011brnosti p\u0159i vzd\u011bl\u00e1v\u00e1n\u00ed distan\u010dn\u00edm zp\u016fsobem.\">Efektivita v\u00fduky st\u0159edov\u00e9 soum\u011brnosti p\u0159i vzd\u011bl\u00e1v\u00e1n\u00ed distan\u010dn\u00edm zp\u016fsobem<\/a><\/td>\n    \n  <\/tr>\n  <tr class=\"sudy\">\n    <td>\n      Eva Hynkov\u00e1 Mgr.    <\/td>\n    <td>\n<span class=\"bezprispevku\">bez p\u0159\u00edsp\u011bvku<\/span><\/td>\n    \n  <\/tr>\n  <tr class=\"lichy\">\n    <td>\n      Zden\u011bk Chalupa Mgr.    <\/td>\n    <td>\n<span class=\"bezprispevku\">bez p\u0159\u00edsp\u011bvku<\/span><\/td>\n    \n  <\/tr>\n  <tr class=\"sudy\">\n    <td>\n      Marie Chodorov\u00e1 RNDr., Ph.D.    <\/td>\n    <td>\n<span class=\"bezprispevku\">bez p\u0159\u00edsp\u011bvku<\/span><\/td>\n    \n  <\/tr>\n  <tr class=\"lichy\">\n    <td>\n      Anton\u00edn Jan\u010da\u0159\u00edk doc. RNDr., Ph.D.    <\/td>\n    <td>\n<a href=\"http:\/\/home.pf.jcu.cz\/~upvm\/2021\/wp-content\/themes\/upvm\/registrace\/getfile.php?id=192\" title=\"Anotace p\u0159\u00edsp\u011bvku Edubo \u2013 EDUka\u010dn\u00ed platforma pro Bezpe\u010dnou On-line v\u00fduku.\">Edubo \u2013 EDUka\u010dn\u00ed platforma pro Bezpe\u010dnou On-line v\u00fduku<\/a><\/td>\n    \n  <\/tr>\n  <tr class=\"sudy\">\n    <td>\n      Hana Jano Mgr.    <\/td>\n    <td>\n<span class=\"bezprispevku\">bez p\u0159\u00edsp\u011bvku<\/span><\/td>\n    \n  <\/tr>\n  <tr class=\"lichy\">\n    <td>\n      Ladislav Jaruska Mgr., PhD.    <\/td>\n    <td>\n<a href=\"http:\/\/home.pf.jcu.cz\/~upvm\/2021\/wp-content\/themes\/upvm\/registrace\/getfile.php?id=202\" title=\"Anotace p\u0159\u00edsp\u011bvku Sk\u00famanie \u00faspe\u0161nosti \u0161tudentov aplikovania v\u00fdrokovej logiky pri rie\u0161en\u00ed \u00faloh s fyzik\u00e1lnym a re\u00e1lnym kontextom.\">Sk\u00famanie \u00faspe\u0161nosti \u0161tudentov aplikovania v\u00fdrokovej logiky pri rie\u0161en\u00ed \u00faloh s fyzik\u00e1lnym a re\u00e1lnym kontextom<\/a><\/td>\n    \n  <\/tr>\n  <tr class=\"sudy\">\n    <td>\n      Jana Kalov\u00e1     <\/td>\n    <td>\n<span class=\"bezprispevku\">bez p\u0159\u00edsp\u011bvku<\/span><\/td>\n    \n  <\/tr>\n  <tr class=\"lichy\">\n    <td>\n      Martin Kazda Ph.D.    <\/td>\n    <td>\n<a href=\"http:\/\/home.pf.jcu.cz\/~upvm\/2021\/wp-content\/themes\/upvm\/registrace\/getfile.php?id=193\" title=\"Anotace p\u0159\u00edsp\u011bvku Zpracov\u00e1n\u00ed odborn\u00e9 pr\u00e1ce \u017e\u00e1kem S\u0160 na t\u00e9ma finan\u010dn\u00ed gramotnosti.\">Zpracov\u00e1n\u00ed odborn\u00e9 pr\u00e1ce \u017e\u00e1kem S\u0160 na t\u00e9ma finan\u010dn\u00ed gramotnosti<\/a><\/td>\n    \n  <\/tr>\n  <tr class=\"sudy\">\n    <td>\n      Marek Kobera Mgr. Bc. Ph. D.    <\/td>\n    <td>\n<a href=\"http:\/\/home.pf.jcu.cz\/~upvm\/2021\/wp-content\/themes\/upvm\/registrace\/getfile.php?id=212\" title=\"Anotace p\u0159\u00edsp\u011bvku Stav inovac\u00ed ve v\u00fduce matematiky na jiho\u010desk\u00fdch st\u0159edn\u00edch \u0161kol\u00e1ch.\">Stav inovac\u00ed ve v\u00fduce matematiky na jiho\u010desk\u00fdch st\u0159edn\u00edch \u0161kol\u00e1ch<\/a><\/td>\n    \n  <\/tr>\n  <tr class=\"lichy\">\n    <td>\n      Darina Kocourkov\u00e1 Mgr.    <\/td>\n    <td>\n<span class=\"bezprispevku\">bez p\u0159\u00edsp\u011bvku<\/span><\/td>\n    \n  <\/tr>\n  <tr class=\"sudy\">\n    <td>\n      Helena Koldov\u00e1 doc. RNDr., Ph.D.    <\/td>\n    <td>\nworkshop STEM<\/td>\n    \n  <\/tr>\n  <tr class=\"lichy\">\n    <td>\n      Petra Kone\u010dn\u00e1 RNDr., Ph.D.    <\/td>\n    <td>\n<span class=\"bezprispevku\">bez p\u0159\u00edsp\u011bvku<\/span><\/td>\n    \n  <\/tr>\n  <tr class=\"sudy\">\n    <td>\n      So\u0148a K\u00f6nigsmarkov\u00e1 Mgr., Mgr.    <\/td>\n    <td>\n<span class=\"bezprispevku\">bez p\u0159\u00edsp\u011bvku<\/span><\/td>\n    \n  <\/tr>\n  <tr class=\"lichy\">\n    <td>\n      Ji\u0159\u00ed Kopeck\u00fd Mgr.    <\/td>\n    <td>\n<span class=\"bezprispevku\">bez p\u0159\u00edsp\u011bvku<\/span><\/td>\n    \n  <\/tr>\n  <tr class=\"sudy\">\n    <td>\n      Kate\u0159ina K\u00f6rnerov\u00e1     <\/td>\n    <td>\n<span class=\"bezprispevku\">bez p\u0159\u00edsp\u011bvku<\/span><\/td>\n    \n  <\/tr>\n  <tr class=\"lichy\">\n    <td>\n      Pavel Kraus Ing.    <\/td>\n    <td>\n<span class=\"bezprispevku\">bez p\u0159\u00edsp\u011bvku<\/span><\/td>\n    \n  <\/tr>\n  <tr class=\"sudy\">\n    <td>\n      Radek Krulec Mgr.    <\/td>\n    <td>\n<span class=\"bezprispevku\">bez p\u0159\u00edsp\u011bvku<\/span><\/td>\n    \n  <\/tr>\n  <tr class=\"lichy\">\n    <td>\n      Eva Kub\u00e1kov\u00e1 Mgr    <\/td>\n    <td>\n<span class=\"bezprispevku\">bez p\u0159\u00edsp\u011bvku<\/span><\/td>\n    \n  <\/tr>\n  <tr class=\"sudy\">\n    <td>\n      Bo\u017eena Kunov\u00e1 Mgr.    <\/td>\n    <td>\n<span class=\"bezprispevku\">bez p\u0159\u00edsp\u011bvku<\/span><\/td>\n    \n  <\/tr>\n  <tr class=\"lichy\">\n    <td>\n      Andreas Lindner Mag.    <\/td>\n    <td>\n<a href=\"http:\/\/home.pf.jcu.cz\/~upvm\/2021\/wp-content\/themes\/upvm\/registrace\/getfile.php?id=175\" title=\"Anotace p\u0159\u00edsp\u011bvku New features in GeoGebra (workshop).\">New features in GeoGebra (workshop)<\/a><\/td>\n    \n  <\/tr>\n  <tr class=\"sudy\">\n    <td>\n      Ivana Lorencov\u00e1 Ing    <\/td>\n    <td>\n<span class=\"bezprispevku\">bez p\u0159\u00edsp\u011bvku<\/span><\/td>\n    \n  <\/tr>\n  <tr class=\"lichy\">\n    <td>\n      Petr Luksch Mgr.    <\/td>\n    <td>\n<span class=\"bezprispevku\">bez p\u0159\u00edsp\u011bvku<\/span><\/td>\n    \n  <\/tr>\n  <tr class=\"sudy\">\n    <td>\n      Leni Lvovsk\u00e1 Mgr., Ph.D.    <\/td>\n    <td>\n<a href=\"http:\/\/home.pf.jcu.cz\/~upvm\/2021\/wp-content\/themes\/upvm\/registrace\/getfile.php?id=210\" title=\"Anotace p\u0159\u00edsp\u011bvku 3D tisk a jeho uplatn\u011bn\u00ed na z\u00e1kladn\u00edch a st\u0159edn\u00edch \u0161kol\u00e1ch.\">3D tisk a jeho uplatn\u011bn\u00ed na z\u00e1kladn\u00edch a st\u0159edn\u00edch \u0161kol\u00e1ch<\/a><\/td>\n    \n  <\/tr>\n  <tr class=\"lichy\">\n    <td>\n      Hana Mahnelov\u00e1 Mgr., Ph.D.    <\/td>\n    <td>\n<span class=\"bezprispevku\">bez p\u0159\u00edsp\u011bvku<\/span><\/td>\n    \n  <\/tr>\n  <tr class=\"sudy\">\n    <td>\n      Luk\u00e1\u0161 M\u00e1silko Mgr.    <\/td>\n    <td>\n<a href=\"http:\/\/home.pf.jcu.cz\/~upvm\/2021\/wp-content\/themes\/upvm\/registrace\/getfile.php?id=195\" title=\"Anotace p\u0159\u00edsp\u011bvku Distan\u010dn\u00ed v\u00fduka vysoko\u0161kolsk\u00e9 matematiky badatelsky?.\">Distan\u010dn\u00ed v\u00fduka vysoko\u0161kolsk\u00e9 matematiky badatelsky?<\/a><\/td>\n    \n  <\/tr>\n  <tr class=\"lichy\">\n    <td>\n      Michaela Ma\u0161kov\u00e1 Mgr.    <\/td>\n    <td>\n<span class=\"bezprispevku\">bez p\u0159\u00edsp\u011bvku<\/span><\/td>\n    \n  <\/tr>\n  <tr class=\"sudy\">\n    <td>\n      Ji\u0159\u00ed Merta Mgr.    <\/td>\n    <td>\n<a href=\"http:\/\/home.pf.jcu.cz\/~upvm\/2021\/wp-content\/themes\/upvm\/registrace\/getfile.php?id=190\" title=\"Anotace p\u0159\u00edsp\u011bvku Vyu\u017eit\u00ed po\u010d\u00edta\u010d\u016f p\u0159i v\u00fduce \u017e\u00e1k\u016f s t\u011blesn\u00fdm posti\u017een\u00edm.\">Vyu\u017eit\u00ed po\u010d\u00edta\u010d\u016f p\u0159i v\u00fduce \u017e\u00e1k\u016f s t\u011blesn\u00fdm posti\u017een\u00edm<\/a><\/td>\n    \n  <\/tr>\n  <tr class=\"lichy\">\n    <td>\n      Martin Mich\u00e1lek Mgr.    <\/td>\n    <td>\n<span class=\"bezprispevku\">bez p\u0159\u00edsp\u011bvku<\/span><\/td>\n    \n  <\/tr>\n  <tr class=\"sudy\">\n    <td>\n      Denisa Moj\u017e\u00ed\u0161ov\u00e1 Bc.    <\/td>\n    <td>\n<span class=\"bezprispevku\">bez p\u0159\u00edsp\u011bvku<\/span><\/td>\n    \n  <\/tr>\n  <tr class=\"lichy\">\n    <td>\n      Martin Nov\u00e1k Mgr.    <\/td>\n    <td>\n<span class=\"bezprispevku\">bez p\u0159\u00edsp\u011bvku<\/span><\/td>\n    \n  <\/tr>\n  <tr class=\"sudy\">\n    <td>\n      Zden\u011bk Nov\u00e1k Mgr    <\/td>\n    <td>\n<span class=\"bezprispevku\">bez p\u0159\u00edsp\u011bvku<\/span><\/td>\n    \n  <\/tr>\n  <tr class=\"lichy\">\n    <td>\n      Jitka Nov\u00e1kov\u00e1 Mgr.    <\/td>\n    <td>\n<a href=\"http:\/\/home.pf.jcu.cz\/~upvm\/2021\/wp-content\/themes\/upvm\/registrace\/getfile.php?id=177\" title=\"Anotace p\u0159\u00edsp\u011bvku Vyu\u017eit\u00ed GeoGebry p\u0159i distan\u010dn\u00ed v\u00fduce matematiky na Z\u0160 a S\u0160.\">Vyu\u017eit\u00ed GeoGebry p\u0159i distan\u010dn\u00ed v\u00fduce matematiky na Z\u0160 a S\u0160<\/a><\/td>\n    \n  <\/tr>\n  <tr class=\"sudy\">\n    <td>\n      Kate\u0159ina Nov\u00e1kov\u00e1     <\/td>\n    <td>\n<span class=\"bezprispevku\">bez p\u0159\u00edsp\u011bvku<\/span><\/td>\n    \n  <\/tr>\n  <tr class=\"lichy\">\n    <td>\n      Miroslava Nov\u00e1kov\u00e1     <\/td>\n    <td>\n<span class=\"bezprispevku\">bez p\u0159\u00edsp\u011bvku<\/span><\/td>\n    \n  <\/tr>\n  <tr class=\"sudy\">\n    <td>\n      Zden\u011bk Novotn\u00fd Ing.    <\/td>\n    <td>\n<a href=\"http:\/\/home.pf.jcu.cz\/~upvm\/2021\/wp-content\/themes\/upvm\/registrace\/getfile.php?id=186\" title=\"Anotace p\u0159\u00edsp\u011bvku GeoGebra v distan\u010dn\u00ed v\u00fduce geometrie na z\u00e1kladn\u00ed \u0161kole pohledem za\u010d\u00ednaj\u00edc\u00edho u\u010ditele.\">GeoGebra v distan\u010dn\u00ed v\u00fduce geometrie na z\u00e1kladn\u00ed \u0161kole pohledem za\u010d\u00ednaj\u00edc\u00edho u\u010ditele<\/a><\/td>\n    \n  <\/tr>\n  <tr class=\"lichy\">\n    <td>\n      V\u011bra Ol\u0161\u00e1kov\u00e1 PhDr.    <\/td>\n    <td>\n<span class=\"bezprispevku\">bez p\u0159\u00edsp\u011bvku<\/span><\/td>\n    \n  <\/tr>\n  <tr class=\"sudy\">\n    <td>\n      Kamila Ondr\u00e1\u010dkov\u00e1 Mgr.    <\/td>\n    <td>\n<span class=\"bezprispevku\">bez p\u0159\u00edsp\u011bvku<\/span><\/td>\n    \n  <\/tr>\n  <tr class=\"lichy\">\n    <td>\n      Zuzana P\u00e1t\u00edkov\u00e1 Mgr., Ph.D.    <\/td>\n    <td>\n<a href=\"http:\/\/home.pf.jcu.cz\/~upvm\/2021\/wp-content\/themes\/upvm\/registrace\/getfile.php?id=173\" title=\"Anotace p\u0159\u00edsp\u011bvku Zku\u0161enost s v\u00fdukou ur\u010dit\u00e9ho integr\u00e1lu s vyu\u017eit\u00edm IT.\">Zku\u0161enost s v\u00fdukou ur\u010dit\u00e9ho integr\u00e1lu s vyu\u017eit\u00edm IT<\/a><\/td>\n    \n  <\/tr>\n  <tr class=\"sudy\">\n    <td>\n      Pavel Pech prof. RNDr. CSc.    <\/td>\n    <td>\nup\u0159esn\u00edm pozd\u011bji<\/td>\n    \n  <\/tr>\n  <tr class=\"lichy\">\n    <td>\n      Jaroslava Pe\u0159inov\u00e1 Mgr.    <\/td>\n    <td>\n<span class=\"bezprispevku\">bez p\u0159\u00edsp\u011bvku<\/span><\/td>\n    \n  <\/tr>\n  <tr class=\"sudy\">\n    <td>\n      Patrik Pe\u0161ka RNDr., Ph.D.    <\/td>\n    <td>\n<span class=\"bezprispevku\">bez p\u0159\u00edsp\u011bvku<\/span><\/td>\n    \n  <\/tr>\n  <tr class=\"lichy\">\n    <td>\n      Vladim\u00edra Petr\u00e1\u0161kov\u00e1 doc. RNDr.    <\/td>\n    <td>\n<a href=\"http:\/\/home.pf.jcu.cz\/~upvm\/2021\/wp-content\/themes\/upvm\/registrace\/getfile.php?id=213\" title=\"Anotace p\u0159\u00edsp\u011bvku V\u00fdukov\u00e9 metody vhodn\u00e9 k p\u011bstov\u00e1n\u00ed finan\u010dn\u00ed gramotnosti.\">V\u00fdukov\u00e9 metody vhodn\u00e9 k p\u011bstov\u00e1n\u00ed finan\u010dn\u00ed gramotnosti<\/a><\/td>\n    \n  <\/tr>\n  <tr class=\"sudy\">\n    <td>\n      Petra Pirklov\u00e1 Mgr., Ph.D.    <\/td>\n    <td>\n<a href=\"http:\/\/home.pf.jcu.cz\/~upvm\/2021\/wp-content\/themes\/upvm\/registrace\/getfile.php?id=180\" title=\"Anotace p\u0159\u00edsp\u011bvku Mathematikus \u2013 prost\u0159edek ke zdokonalov\u00e1n\u00ed prostorov\u00e9 p\u0159edstavivosti.\">Mathematikus \u2013 prost\u0159edek ke zdokonalov\u00e1n\u00ed prostorov\u00e9 p\u0159edstavivosti<\/a><\/td>\n    \n  <\/tr>\n  <tr class=\"lichy\">\n    <td>\n      Martin Plinta     <\/td>\n    <td>\n<span class=\"bezprispevku\">bez p\u0159\u00edsp\u011bvku<\/span><\/td>\n    \n  <\/tr>\n  <tr class=\"sudy\">\n    <td>\n      Pavel Pol\u00e1\u010dek Mgr.    <\/td>\n    <td>\n<span class=\"bezprispevku\">bez p\u0159\u00edsp\u011bvku<\/span><\/td>\n    \n  <\/tr>\n  <tr class=\"lichy\">\n    <td>\n      Eva Pomykalov\u00e1 RNDr.    <\/td>\n    <td>\n<span class=\"bezprispevku\">bez p\u0159\u00edsp\u011bvku<\/span><\/td>\n    \n  <\/tr>\n  <tr class=\"sudy\">\n    <td>\n      Jakub Poruba Mgr.    <\/td>\n    <td>\n<a href=\"http:\/\/home.pf.jcu.cz\/~upvm\/2021\/wp-content\/themes\/upvm\/registrace\/getfile.php?id=208\" title=\"Anotace p\u0159\u00edsp\u011bvku Dynamick\u00e9 prvky v GeoGeb\u0159e p\u0159i konstrukci ku\u017eelose\u010dek.\">Dynamick\u00e9 prvky v GeoGeb\u0159e p\u0159i konstrukci ku\u017eelose\u010dek<\/a><\/td>\n    \n  <\/tr>\n  <tr class=\"lichy\">\n    <td>\n      Eva Pravdov\u00e1 Mgr.    <\/td>\n    <td>\n<span class=\"bezprispevku\">bez p\u0159\u00edsp\u011bvku<\/span><\/td>\n    \n  <\/tr>\n  <tr class=\"sudy\">\n    <td>\n      Hana Proch\u00e1zkov\u00e1 Mgr.    <\/td>\n    <td>\n<span class=\"bezprispevku\">bez p\u0159\u00edsp\u011bvku<\/span><\/td>\n    \n  <\/tr>\n  <tr class=\"lichy\">\n    <td>\n      Martina Proch\u00e1zkov\u00e1 Bc.    <\/td>\n    <td>\nP\u0159\u00edsp\u011bvek s dr. Ferdi\u00e1nov\u00e1<\/td>\n    \n  <\/tr>\n  <tr class=\"sudy\">\n    <td>\n      Olga Proch\u00e1zkov\u00e1 Mgr.    <\/td>\n    <td>\n<span class=\"bezprispevku\">bez p\u0159\u00edsp\u011bvku<\/span><\/td>\n    \n  <\/tr>\n  <tr class=\"lichy\">\n    <td>\n      Monika Proke\u0161ov\u00e1 Mgr.    <\/td>\n    <td>\n<span class=\"bezprispevku\">bez p\u0159\u00edsp\u011bvku<\/span><\/td>\n    \n  <\/tr>\n  <tr class=\"sudy\">\n    <td>\n      Kamila Pr\u016fdkov\u00e1 Bc.    <\/td>\n    <td>\n<a href=\"http:\/\/home.pf.jcu.cz\/~upvm\/2021\/wp-content\/themes\/upvm\/registrace\/getfile.php?id=211\" title=\"Anotace p\u0159\u00edsp\u011bvku Regiomontan\u016fv probl\u00e9m \u2013 \u0159e\u0161en\u00ed u\u017eit\u00edm dynamick\u00fdch applet\u016f programu GeoGebra.\">Regiomontan\u016fv probl\u00e9m \u2013 \u0159e\u0161en\u00ed u\u017eit\u00edm dynamick\u00fdch applet\u016f programu GeoGebra<\/a><\/td>\n    \n  <\/tr>\n  <tr class=\"lichy\">\n    <td>\n      Alena Pulkertov\u00e1     <\/td>\n    <td>\n<span class=\"bezprispevku\">bez p\u0159\u00edsp\u011bvku<\/span><\/td>\n    \n  <\/tr>\n  <tr class=\"sudy\">\n    <td>\n      Jakub Rejthar Mgr.    <\/td>\n    <td>\n<span class=\"bezprispevku\">bez p\u0159\u00edsp\u011bvku<\/span><\/td>\n    \n  <\/tr>\n  <tr class=\"lichy\">\n    <td>\n      Ji\u0159\u00ed Ringel Mgr.    <\/td>\n    <td>\n<span class=\"bezprispevku\">bez p\u0159\u00edsp\u011bvku<\/span><\/td>\n    \n  <\/tr>\n  <tr class=\"sudy\">\n    <td>\n      Jarmila Robov\u00e1 doc. RNDr. CSc.    <\/td>\n    <td>\n<span class=\"bezprispevku\">bez p\u0159\u00edsp\u011bvku<\/span><\/td>\n    \n  <\/tr>\n  <tr class=\"lichy\">\n    <td>\n      Olga Robov\u00e1 Mgr.    <\/td>\n    <td>\n<span class=\"bezprispevku\">bez p\u0159\u00edsp\u011bvku<\/span><\/td>\n    \n  <\/tr>\n  <tr class=\"sudy\">\n    <td>\n      P\u0159emysl Rosa     <\/td>\n    <td>\n<span class=\"bezprispevku\">bez p\u0159\u00edsp\u011bvku<\/span><\/td>\n    \n  <\/tr>\n  <tr class=\"lichy\">\n    <td>\n      Martin Rozho\u0148 Mgr.    <\/td>\n    <td>\n<span class=\"bezprispevku\">bez p\u0159\u00edsp\u011bvku<\/span><\/td>\n    \n  <\/tr>\n  <tr class=\"sudy\">\n    <td>\n      Lenka R\u00fdparov\u00e1 Mgr., Ph.D.    <\/td>\n    <td>\n<span class=\"bezprispevku\">bez p\u0159\u00edsp\u011bvku<\/span><\/td>\n    \n  <\/tr>\n  <tr class=\"lichy\">\n    <td>\n      Iveta Sal\u00e1kov\u00e1 Mgr.    <\/td>\n    <td>\n<span class=\"bezprispevku\">bez p\u0159\u00edsp\u011bvku<\/span><\/td>\n    \n  <\/tr>\n  <tr class=\"sudy\">\n    <td>\n      So\u0148a Samcov\u00e1 Mgr.    <\/td>\n    <td>\n<span class=\"bezprispevku\">bez p\u0159\u00edsp\u011bvku<\/span><\/td>\n    \n  <\/tr>\n  <tr class=\"lichy\">\n    <td>\n      Libu\u0161e Samkov\u00e1     <\/td>\n    <td>\n<a href=\"http:\/\/home.pf.jcu.cz\/~upvm\/2021\/wp-content\/themes\/upvm\/registrace\/getfile.php?id=171\" title=\"Anotace p\u0159\u00edsp\u011bvku Vzd\u011bl\u00e1vac\u00ed vin\u011bty ve v\u00fduce matematiky (workshop).\">Vzd\u011bl\u00e1vac\u00ed vin\u011bty ve v\u00fduce matematiky (workshop)<\/a><\/td>\n    \n  <\/tr>\n  <tr class=\"sudy\">\n    <td>\n      Lubom\u00edr Sedl\u00e1\u010dek Mgr. Ph.D.    <\/td>\n    <td>\n<span class=\"bezprispevku\">bez p\u0159\u00edsp\u011bvku<\/span><\/td>\n    \n  <\/tr>\n  <tr class=\"lichy\">\n    <td>\n      Josef Sch\u00e1n\u011bl Mgr.    <\/td>\n    <td>\n<span class=\"bezprispevku\">bez p\u0159\u00edsp\u011bvku<\/span><\/td>\n    \n  <\/tr>\n  <tr class=\"sudy\">\n    <td>\n      Iva Skybov\u00e1 Mgr.    <\/td>\n    <td>\n<span class=\"bezprispevku\">bez p\u0159\u00edsp\u011bvku<\/span><\/td>\n    \n  <\/tr>\n  <tr class=\"lichy\">\n    <td>\n      Barbora Sov\u00e1kov\u00e1     <\/td>\n    <td>\n<span class=\"bezprispevku\">bez p\u0159\u00edsp\u011bvku<\/span><\/td>\n    \n  <\/tr>\n  <tr class=\"sudy\">\n    <td>\n      Daniela Stachov\u00e1     <\/td>\n    <td>\n<span class=\"bezprispevku\">bez p\u0159\u00edsp\u011bvku<\/span><\/td>\n    \n  <\/tr>\n  <tr class=\"lichy\">\n    <td>\n      Petra Surynkov\u00e1 RNDr., Ph.D.    <\/td>\n    <td>\n<a href=\"http:\/\/home.pf.jcu.cz\/~upvm\/2021\/wp-content\/themes\/upvm\/registrace\/getfile.php?id=183\" title=\"Anotace p\u0159\u00edsp\u011bvku 3D tisk a v\u00fduka geometrie.\">3D tisk a v\u00fduka geometrie<\/a><\/td>\n    \n  <\/tr>\n  <tr class=\"sudy\">\n    <td>\n      Lubo\u0161 S\u00fdkora Mgr.    <\/td>\n    <td>\n<span class=\"bezprispevku\">bez p\u0159\u00edsp\u011bvku<\/span><\/td>\n    \n  <\/tr>\n  <tr class=\"lichy\">\n    <td>\n      Jan \u0160afa\u0159\u00edk Mgr. et Mgr., Ph.D.    <\/td>\n    <td>\n<a href=\"http:\/\/home.pf.jcu.cz\/~upvm\/2021\/wp-content\/themes\/upvm\/registrace\/getfile.php?id=207\" title=\"Anotace p\u0159\u00edsp\u011bvku GeoGebra kniha \u201eSb\u00edrka zkou\u0161kov\u00fdch p\u0159\u00edklad\u016f z konstruktivn\u00ed geometrie\u201c.\">GeoGebra kniha \u201eSb\u00edrka zkou\u0161kov\u00fdch p\u0159\u00edklad\u016f z konstruktivn\u00ed geometrie\u201c<\/a><\/td>\n    \n  <\/tr>\n  <tr class=\"sudy\">\n    <td>\n      Radek \u0160m\u00edd Mgr.    <\/td>\n    <td>\n<a href=\"http:\/\/home.pf.jcu.cz\/~upvm\/2021\/wp-content\/themes\/upvm\/registrace\/getfile.php?id=200\" title=\"Anotace p\u0159\u00edsp\u011bvku Pom\u016fcka pro v\u00fduku \u0159ez\u016f t\u011bles.\">Pom\u016fcka pro v\u00fduku \u0159ez\u016f t\u011bles<\/a><\/td>\n    \n  <\/tr>\n  <tr class=\"lichy\">\n    <td>\n      Irena \u0160trausov\u00e1 Mgr.,  Ph.D.    <\/td>\n    <td>\n<span class=\"bezprispevku\">bez p\u0159\u00edsp\u011bvku<\/span><\/td>\n    \n  <\/tr>\n  <tr class=\"sudy\">\n    <td>\n      Vladimir Tesa\u0159 Mgr.    <\/td>\n    <td>\n<a href=\"http:\/\/home.pf.jcu.cz\/~upvm\/2021\/wp-content\/themes\/upvm\/registrace\/getfile.php?id=172\" title=\"Anotace p\u0159\u00edsp\u011bvku U\u017eit\u00ed abaku v po\u010d\u00edta\u010di ve v\u00fduce matematiky.\">U\u017eit\u00ed abaku v po\u010d\u00edta\u010di ve v\u00fduce matematiky<\/a><\/td>\n    \n  <\/tr>\n  <tr class=\"lichy\">\n    <td>\n      Pavel Tlust\u00fd prof., RNDr., CSc.    <\/td>\n    <td>\n<span class=\"bezprispevku\">bez p\u0159\u00edsp\u011bvku<\/span><\/td>\n    \n  <\/tr>\n  <tr class=\"sudy\">\n    <td>\n      Dana Vackov\u00e1     <\/td>\n    <td>\n<span class=\"bezprispevku\">bez p\u0159\u00edsp\u011bvku<\/span><\/td>\n    \n  <\/tr>\n  <tr class=\"lichy\">\n    <td>\n      Petr Vach Mgr.    <\/td>\n    <td>\n<span class=\"bezprispevku\">bez p\u0159\u00edsp\u011bvku<\/span><\/td>\n    \n  <\/tr>\n  <tr class=\"sudy\">\n    <td>\n      Pavel Vako\u010d Ing.    <\/td>\n    <td>\n<a href=\"http:\/\/home.pf.jcu.cz\/~upvm\/2021\/wp-content\/themes\/upvm\/registrace\/getfile.php?id=209\" title=\"Anotace p\u0159\u00edsp\u011bvku Vyu\u017eit\u00ed kalkul\u00e1tor\u016f p\u0159i v\u00fduce matematiky.\">Vyu\u017eit\u00ed kalkul\u00e1tor\u016f p\u0159i v\u00fduce matematiky<\/a><\/td>\n    \n  <\/tr>\n  <tr class=\"lichy\">\n    <td>\n      Jana Vandrovcov\u00e1 Mgr.    <\/td>\n    <td>\n<span class=\"bezprispevku\">bez p\u0159\u00edsp\u011bvku<\/span><\/td>\n    \n  <\/tr>\n  <tr class=\"sudy\">\n    <td>\n      Ji\u0159\u00ed Van\u00ed\u010dek     <\/td>\n    <td>\n<a href=\"http:\/\/home.pf.jcu.cz\/~upvm\/2021\/wp-content\/themes\/upvm\/registrace\/getfile.php?id=189\" title=\"Anotace p\u0159\u00edsp\u011bvku Informatick\u00e1 verze matematick\u00e9ho klokana.\">Informatick\u00e1 verze matematick\u00e9ho klokana<\/a><\/td>\n    \n  <\/tr>\n  <tr class=\"lichy\">\n    <td>\n      Daniela Velichov\u00e1 doc. RNDr. CSc.    <\/td>\n    <td>\n<a href=\"http:\/\/home.pf.jcu.cz\/~upvm\/2021\/wp-content\/themes\/upvm\/registrace\/getfile.php?id=178\" title=\"Anotace p\u0159\u00edsp\u011bvku 3D u\u010debnica geometrie.\">3D u\u010debnica geometrie<\/a><\/td>\n    \n  <\/tr>\n  <tr class=\"sudy\">\n    <td>\n      Luk\u00e1\u0161 V\u00edzek     <\/td>\n    <td>\n<a href=\"http:\/\/home.pf.jcu.cz\/~upvm\/2021\/wp-content\/themes\/upvm\/registrace\/getfile.php?id=199\" title=\"Anotace p\u0159\u00edsp\u011bvku \u0158e\u0161en\u00ed \u00faloh ve \u010dtvercov\u00e9 a troj\u00faheln\u00edkov\u00e9 m\u0159\u00ed\u017ei pohledem GeoGebra Classroom.\">\u0158e\u0161en\u00ed \u00faloh ve \u010dtvercov\u00e9 a troj\u00faheln\u00edkov\u00e9 m\u0159\u00ed\u017ei pohledem GeoGebra Classroom<\/a><\/td>\n    \n  <\/tr>\n  <tr class=\"lichy\">\n    <td>\n      Kl\u00e1ra Vocetkov\u00e1 Mgr.    <\/td>\n    <td>\n<a href=\"http:\/\/home.pf.jcu.cz\/~upvm\/2021\/wp-content\/themes\/upvm\/registrace\/getfile.php?id=203\" title=\"Anotace p\u0159\u00edsp\u011bvku Po\u010d\u00edta\u010dem podporovan\u00e9 hodnocen\u00ed v matematice.\">Po\u010d\u00edta\u010dem podporovan\u00e9 hodnocen\u00ed v matematice<\/a><\/td>\n    \n  <\/tr>\n  <tr class=\"sudy\">\n    <td>\n      Martin Vondr\u00e1\u0161ek Mgr.    <\/td>\n    <td>\n<span class=\"bezprispevku\">bez p\u0159\u00edsp\u011bvku<\/span><\/td>\n    \n  <\/tr>\n  <tr class=\"lichy\">\n    <td>\n      Na\u010fa Vondrov\u00e1 prof. RNDr. Ph.D.    <\/td>\n    <td>\n<span class=\"bezprispevku\">bez p\u0159\u00edsp\u011bvku<\/span><\/td>\n    \n  <\/tr>\n  <tr class=\"sudy\">\n    <td>\n      \u0160\u00e1rka Vor\u00e1\u010dov\u00e1 Mgr., Ph.D.    <\/td>\n    <td>\n<a href=\"http:\/\/home.pf.jcu.cz\/~upvm\/2021\/wp-content\/themes\/upvm\/registrace\/getfile.php?id=169\" title=\"Anotace p\u0159\u00edsp\u011bvku Online v\u00fdlety s GeoGebrou (workshop).\">Online v\u00fdlety s GeoGebrou (workshop)<\/a><\/td>\n    \n  <\/tr>\n  <tr class=\"lichy\">\n    <td>\n      Jana Vysok\u00e1 RNDr., Ph.D.    <\/td>\n    <td>\n<span class=\"bezprispevku\">bez p\u0159\u00edsp\u011bvku<\/span><\/td>\n    \n  <\/tr>\n  <tr class=\"sudy\">\n    <td>\n      Patrik Wittek Bc.    <\/td>\n    <td>\n<span class=\"bezprispevku\">bez p\u0159\u00edsp\u011bvku<\/span><\/td>\n    \n  <\/tr>\n  <tr class=\"lichy\">\n    <td>\n      Lenka Zalabov\u00e1 doc.    <\/td>\n    <td>\n<span class=\"bezprispevku\">bez p\u0159\u00edsp\u011bvku<\/span><\/td>\n    \n  <\/tr>\n  <tr class=\"sudy\">\n    <td>\n      Eva Zelendov\u00e1 RNDr., Ph.D.    <\/td>\n    <td>\n<span class=\"bezprispevku\">bez p\u0159\u00edsp\u011bvku<\/span><\/td>\n    \n  <\/tr>\n  <tr class=\"lichy\">\n    <td>\n      Blanka Zelenkov\u00e1 Mgr.    <\/td>\n    <td>\n<span class=\"bezprispevku\">bez p\u0159\u00edsp\u011bvku<\/span><\/td>\n    \n  <\/tr>\n<\/table>\n\n<p class=\"center\">Celkem 133 \u00fa\u010dastn\u00edk\u016f.<\/p>\n\n\n\n\n<p><\/p>\n","protected":false},"excerpt":{"rendered":"<p>\u00a0<\/p>\n","protected":false},"author":1,"featured_media":0,"parent":0,"menu_order":0,"comment_status":"closed","ping_status":"closed","template":"","meta":{"footnotes":""},"class_list":["post-569","page","type-page","status-publish","hentry"],"_links":{"self":[{"href":"http:\/\/home.pf.jcu.cz\/~upvm\/2021\/index.php\/wp-json\/wp\/v2\/pages\/569","targetHints":{"allow":["GET"]}}],"collection":[{"href":"http:\/\/home.pf.jcu.cz\/~upvm\/2021\/index.php\/wp-json\/wp\/v2\/pages"}],"about":[{"href":"http:\/\/home.pf.jcu.cz\/~upvm\/2021\/index.php\/wp-json\/wp\/v2\/types\/page"}],"author":[{"embeddable":true,"href":"http:\/\/home.pf.jcu.cz\/~upvm\/2021\/index.php\/wp-json\/wp\/v2\/users\/1"}],"replies":[{"embeddable":true,"href":"http:\/\/home.pf.jcu.cz\/~upvm\/2021\/index.php\/wp-json\/wp\/v2\/comments?post=569"}],"version-history":[{"count":5,"href":"http:\/\/home.pf.jcu.cz\/~upvm\/2021\/index.php\/wp-json\/wp\/v2\/pages\/569\/revisions"}],"predecessor-version":[{"id":874,"href":"http:\/\/home.pf.jcu.cz\/~upvm\/2021\/index.php\/wp-json\/wp\/v2\/pages\/569\/revisions\/874"}],"wp:attachment":[{"href":"http:\/\/home.pf.jcu.cz\/~upvm\/2021\/index.php\/wp-json\/wp\/v2\/media?parent=569"}],"curies":[{"name":"wp","href":"https:\/\/api.w.org\/{rel}","templated":true}]}}