{"id":5,"date":"2007-03-01T21:46:56","date_gmt":"2007-03-01T20:46:56","guid":{"rendered":"http:\/\/home.pf.jcu.cz\/~upvvm\/2007\/?page_id=5"},"modified":"2007-06-13T13:02:03","modified_gmt":"2007-06-13T12:02:03","slug":"ubytovani","status":"publish","type":"page","link":"http:\/\/home.pf.jcu.cz\/~upvvm\/2007\/?page_id=5","title":{"rendered":"Ubytov\u00e1n\u00ed"},"content":{"rendered":"<p><texy>Pro \u00fa\u010dastn\u00edky konference jsou za d\u00e1le uveden\u00fdch zv\u00fdhodn\u011bn\u00fdch podm\u00ednek rezervov\u00e1na m\u00edsta v n\u00e1sleduj\u00edc\u00edch ubytovac\u00edch za\u0159\u00edzen\u00edch. Zaji\u0161t\u011bn\u00ed ubytov\u00e1n\u00ed si provede ka\u017ed\u00fd \u00fa\u010dastn\u00edk s\u00e1m.<\/p>\n<p>Vzhledem k omezen\u00e9mu po\u010dtu m\u00edst je t\u0159eba prov\u00e9st rezervaci do konce uveden\u00fdch obdob\u00ed. P\u0159i rezervac\u00edch uv\u00e1d\u011bjte jako \u00fa\u010del ubytov\u00e1n\u00ed konferenci PF JU, pop\u0159\u00edpad\u011b kontaktn\u00ed osobu  H. Binterovou. P\u0159edjednali jsme pro V\u00e1s slevy na ubytov\u00e1n\u00ed.<\/p>\n<p>Pro \u00fa\u010dely konference jsme rezervovali ubytov\u00e1n\u00ed v n\u00e1sleduj\u00edc\u00edch m\u00edstech:<\/p>\n<p>Cakrma slu\u017eby, ubytov\u00e1n\u00ed, stravov\u00e1n\u00ed Ubytovna Cakrma s.r.o.<br \/>\n&#8212;&#8212;&#8212;&#8212;&#8212;&#8212;&#8212;&#8212;&#8212;&#8212;&#8212;&#8212;&#8212;&#8212;&#8212;&#8212;&#8212;&#8212;&#8212;&#8211;<br \/>\n *Adresa*<br \/>\n  Pap\u00edrensk\u00e1 43<br \/>\n 370 52 \u010cesk\u00e9 Bud\u011bjovice<\/p>\n<p>*Popis \u010dinnosti informace*<\/p>\n<p>K dispozici jsou dvou, t\u0159\u00ed a v\u00edcel\u016f\u017ekov\u00e9 pokoje. Soci\u00e1ln\u00ed za\u0159\u00edzen\u00ed a sprcha slou\u017e\u00ed spole\u010dn\u011b pro dva pokoje. Provoz ubytovny je nep\u0159etr\u017eit\u00fd, v recepci je mo\u017en\u00e9 zakoupit ob\u010derstven\u00ed a z\u00e1kladn\u00ed hygienick\u00e9 pot\u0159eby.<br \/>\nCENA: 200,- K\u010d za osobu<\/p>\n<p> Rezervov\u00e1no: 30 m\u00edst<br \/>\n Konec rezervace: 30. z\u00e1\u0159\u00ed 2007<br \/>\n Www str\u00e1nky: http:\/\/www.cakrma.cz\/<br \/>\n Kontakt: +420 387733359<\/p>\n<p>Jaroslav Kuchta Hotel Garni p.v.t.<br \/>\n&#8212;&#8212;&#8212;&#8212;&#8212;&#8212;&#8212;&#8212;&#8212;&#8212;&#8211;<br \/>\n *Adresa*<br \/>\n \u017di\u017ekova t\u0159. 1321\/1<br \/>\n 370 01 \u010cesk\u00e9 Bud\u011bjovice<\/p>\n<p>Popis \u010dinnosti:<br \/>\nNab\u00eddka hotelov\u00e9ho ubytov\u00e1n\u00ed bl\u00edzko centra, cca 5 minut p\u011b\u0161ky od n\u00e1m\u011bst\u00ed P\u0159emysla Otakara II. Mo\u017enost zap\u016fj\u010den\u00ed TV a radia. Parkov\u00e1n\u00ed v uzav\u0159en\u00e9m are\u00e1lu.<\/p>\n<p> CENA: 570,- K\u010d 1-l\u016f\u017ekov\u00fd pokoj, 940,-K\u010d 2-l\u016f\u017ekov\u00fd pokoj, 1260,- K\u010d 3-l\u016f\u017ekov\u00fd pokoj<br \/>\n Rezervov\u00e1no: 10 3-l\u016f\u017ekov\u00fdch pokoj\u016f, 19 2-l\u016f\u017ekov\u00fdch pokoj\u016f, 5  1-l\u016f\u017ekov\u00fdch pokoj\u016f.<br \/>\n Konec rezervace: 30. \u010derven 2005<br \/>\n Www str\u00e1nky:http:\/\/www.volny.cz\/garni-cb\/<\/p>\n<p> *Kontak*<br \/>\n Telefon: +420 387747351<br \/>\n Fax: +420 387747351<br \/>\n E-mail: garni-cb@volny.cz<\/p>\n<p>AXJ penzion<br \/>\n&#8212;&#8212;&#8212;&#8212;&#8212;&#8212;&#8212;&#8212;&#8212;&#8212;&#8211;<br \/>\n*Adresa*<br \/>\nDobrovodsk\u00e1 3,<br \/> <br \/>\n370 01 \u010cesk\u00e9 Bud\u011bjovice<\/p>\n<p>K dispozici  dvoul\u016f\u017ekov\u00e9, t\u0159\u00edl\u016f\u017ekov\u00e9 a \u010dty\u0159l\u016f\u017ekov\u00e9 pokoje, TV, internet, sprcha na pokoji.<br \/>\nCENA: 390,- K\u010d za osobu, v p\u0159\u00edpad\u011b, \u017ee z\u00e1jemce o ubytov\u00e1n\u00ed chce bydlet s\u00e1m, v p\u0159\u00edpad\u011b po\u010dtu 2 osob na pokoji je cena 290,- K\u010d za osobu. Rezervov\u00e1no: 3  2-l\u016f\u017ekov\u00e9 pokoje, 2  3-l\u016f\u017ekov\u00e9 pokoje a 1  4-l\u016f\u017ekov\u00fd pokoj .<br \/>\nKonec rezervace 30. 9. 2007. <\/p>\n<p>*Kontakt*<br \/>\nTelefon: 387 423 357, 605 159 999<br \/>\nWww str\u00e1nka: http:\/\/ubytovani.axj.cz<\/p>\n","protected":false},"excerpt":{"rendered":"<p>Pro \u00fa\u010dastn\u00edky konference jsou za d\u00e1le uveden\u00fdch zv\u00fdhodn\u011bn\u00fdch podm\u00ednek rezervov\u00e1na m\u00edsta v n\u00e1sleduj\u00edc\u00edch ubytovac\u00edch za\u0159\u00edzen\u00edch. Zaji\u0161t\u011bn\u00ed ubytov\u00e1n\u00ed si provede ka\u017ed\u00fd \u00fa\u010dastn\u00edk s\u00e1m. Vzhledem k omezen\u00e9mu po\u010dtu m\u00edst je t\u0159eba prov\u00e9st rezervaci do konce uveden\u00fdch obdob\u00ed. P\u0159i rezervac\u00edch uv\u00e1d\u011bjte jako \u00fa\u010del ubytov\u00e1n\u00ed konferenci PF JU, pop\u0159\u00edpad\u011b kontaktn\u00ed osobu H. Binterovou. P\u0159edjednali jsme pro V\u00e1s slevy na [&hellip;]<\/p>\n","protected":false},"author":1,"featured_media":0,"parent":0,"menu_order":4,"comment_status":"open","ping_status":"open","template":"","meta":{"footnotes":""},"class_list":["post-5","page","type-page","status-publish","hentry"],"_links":{"self":[{"href":"http:\/\/home.pf.jcu.cz\/~upvvm\/2007\/index.php?rest_route=\/wp\/v2\/pages\/5","targetHints":{"allow":["GET"]}}],"collection":[{"href":"http:\/\/home.pf.jcu.cz\/~upvvm\/2007\/index.php?rest_route=\/wp\/v2\/pages"}],"about":[{"href":"http:\/\/home.pf.jcu.cz\/~upvvm\/2007\/index.php?rest_route=\/wp\/v2\/types\/page"}],"author":[{"embeddable":true,"href":"http:\/\/home.pf.jcu.cz\/~upvvm\/2007\/index.php?rest_route=\/wp\/v2\/users\/1"}],"replies":[{"embeddable":true,"href":"http:\/\/home.pf.jcu.cz\/~upvvm\/2007\/index.php?rest_route=%2Fwp%2Fv2%2Fcomments&post=5"}],"version-history":[{"count":0,"href":"http:\/\/home.pf.jcu.cz\/~upvvm\/2007\/index.php?rest_route=\/wp\/v2\/pages\/5\/revisions"}],"wp:attachment":[{"href":"http:\/\/home.pf.jcu.cz\/~upvvm\/2007\/index.php?rest_route=%2Fwp%2Fv2%2Fmedia&parent=5"}],"curies":[{"name":"wp","href":"https:\/\/api.w.org\/{rel}","templated":true}]}}