{"id":140,"date":"2020-09-12T22:48:27","date_gmt":"2020-09-12T20:48:27","guid":{"rendered":"http:\/\/home.pf.jcu.cz\/~stem\/?page_id=2"},"modified":"2026-04-07T18:52:53","modified_gmt":"2026-04-07T16:52:53","slug":"zkusebni-stranka-2","status":"publish","type":"page","link":"https:\/\/home.pf.jcu.cz\/~stem\/2024\/","title":{"rendered":"Konference STEM vzd\u011bl\u00e1v\u00e1n\u00ed"},"content":{"rendered":"\n<p>Toto je archivn\u00ed str\u00e1nka, mo\u017en\u00e1 hled\u00e1te Aktu\u00e1ln\u00ed ro\u010dn\u00edk <a href=\"http:\/\/home.pf.jcu.cz\/~stem\">konference STEM vzd\u011bl\u00e1v\u00e1n\u00ed<\/a>.<\/p>\n\n\n\n<h4 class=\"wp-block-heading\" id=\"6-8-october-2020\">28.\u201329. listopadu 2024<\/h4>\n\n\n\n<p>T\u0159et\u00ed konference v\u011bnovan\u00e1 STEM (Science, Technology, Engineering, and Mathematics) vzd\u011bl\u00e1v\u00e1n\u00ed na Jiho\u010desk\u00e9 univerzit\u011b v&nbsp;\u010cesk\u00fdch Bud\u011bjovic\u00edch je po\u0159\u00e1d\u00e1na s&nbsp;c\u00edlem shrom\u00e1\u017edit dom\u00e1c\u00ed i zahrani\u010dn\u00ed odborn\u00edky na vzd\u011bl\u00e1v\u00e1n\u00ed a p\u0159\u00edpravu u\u010ditel\u016f z\u00e1kladn\u00edch a st\u0159edn\u00edch \u0161kol k v\u00fdm\u011bn\u011b zku\u0161enost\u00ed a spole\u010dn\u00e9 diskusi nad teoretick\u00fdmi v\u00fdchodisky, organiza\u010dn\u00edmi postupy a o\u010dek\u00e1van\u00fdmi c\u00edli implementace princip\u016f STEM vzd\u011bl\u00e1v\u00e1n\u00ed do kurikula z\u00e1kladn\u00ed a st\u0159edn\u00ed \u0161koly a do p\u0159\u00edpravy budouc\u00edch u\u010ditel\u016f souvisej\u00edc\u00edch p\u0159edm\u011bt\u016f.<\/p>\n\n\n\n<p><strong>Dvoudenn\u00ed konference se kon\u00e1 ve dnech 28. a 29. listopadu 2024 v pavilonu ZR Fakulty zem\u011bd\u011blsk\u00e9 a technologick\u00e9 Jiho\u010desk\u00e9 univerzity v \u010cesk\u00fdch Bud\u011bjovic\u00edch, v ulici Na S\u00e1dk\u00e1ch 1780 (<a href=\"https:\/\/maps.app.goo.gl\/5RVR1r3XKGnyt4Qn6\" target=\"_blank\" rel=\"noreferrer noopener\">mapa<\/a>). <\/strong><\/p>\n\n\n\n<p><\/p>\n\n\n\n<p><strong>Konference je akreditov\u00e1na Jednotou \u010desk\u00fdch matematik\u016f a fyzik\u016f jako akce pr\u016fb\u011b\u017en\u00e9ho vzd\u011bl\u00e1v\u00e1n\u00ed pedagogick\u00fdch pracovn\u00edk\u016f v rozsahu 16 hodin pod \u010d. j.: J\u010cMF 01 AKR 04001 2024.<\/strong><\/p>\n\n\n\n<p>Jednac\u00edmi jazyky jsou \u010de\u0161tina a angli\u010dtina. <strong>Plen\u00e1rn\u00ed p\u0159edn\u00e1\u0161ky zahrani\u010dn\u00edch p\u0159edn\u00e1\u0161ej\u00edc\u00edch budou simult\u00e1nn\u011b tlumo\u010deny do \u010de\u0161tiny.<\/strong><\/p>\n\n\n\n<h5 class=\"wp-block-heading\">D\u016fle\u017eit\u00e9 term\u00edny<\/h5>\n\n\n<p><i>Konkr\u00e9tn\u00ed term\u00edny rozhoduj\u00edc\u00ed pro \u00fa\u010dast na konferenci budou v\u010das up\u0159esn\u011bny<\/i><\/p>\n\n\n<ul class=\"wp-block-list\">\n<li><strong>do 15. 9. \u2013 p\u0159ihl\u00e1\u0161en\u00ed p\u0159\u00edsp\u011bvku<\/strong> (15+5 minut) nebo <strong>workshopu<\/strong> (90 minut) zasl\u00e1n\u00edm anotace (v rozsahu 800\u20131500 znak\u016f, po\u010d\u00edt\u00e1no bez mezer)<\/li>\n\n\n\n<li><strong>do 31. 10. \u2013 registrace s platbou sn\u00ed\u017een\u00e9ho vlo\u017en\u00e9ho 800 K\u010d<\/strong> (registrace prob\u00edh\u00e1 elektronicky, viz odkaz <a href=\"https:\/\/home.pf.jcu.cz\/~stem\/2024\/registrace\/\" target=\"_blank\" rel=\"noreferrer noopener\">Registrace<\/a>)<\/li>\n\n\n\n<li>od 1. 11. \u2013 registrace s platbou pln\u00e9ho vlo\u017en\u00e9ho 900 K\u010d<\/li>\n\n\n\n<li><strong>28. 11. \u2013 zah\u00e1jen\u00ed konference<\/strong><\/li>\n\n\n\n<li>29. 11. \u2013 ukon\u010den\u00ed konference<\/li>\n<\/ul>\n\n\n\n<h5 class=\"wp-block-heading\" id=\"conference-format\">Hlavn\u00ed p\u0159edn\u00e1\u0161ej\u00edc\u00ed<\/h5>\n\n\n\n<div class=\"wp-block-group\"><div class=\"wp-block-group__inner-container is-layout-flow wp-block-group-is-layout-flow\">\n<div class=\"wp-block-group\"><div class=\"wp-block-group__inner-container is-layout-flow wp-block-group-is-layout-flow\">\n<ul class=\"wp-block-list\">\n<li><a href=\"https:\/\/home.pf.jcu.cz\/~stem\/2024\/branko-andic\/\" data-type=\"link\" data-id=\"https:\/\/home.pf.jcu.cz\/~stem\/2024\/branko-andic\/\" target=\"_blank\" rel=\"noreferrer noopener\">Dr. Branko An\u0111i\u0107<\/a><br><em>University of Vienna, Austrian Educational Competence Centre Biology<\/em><br><a href=\"https:\/\/home.pf.jcu.cz\/~stem\/2024\/en\/integrating-artificial-intelligence-into-biology-teaching-perspectives-of-preservice-biology-teachers\/\" target=\"_blank\" rel=\"noreferrer noopener\">Integrating artificial intelligence into biology teaching - perspectives of preservice biology teachers&nbsp;<\/a><\/li>\n\n\n\n<li><a href=\"https:\/\/home.pf.jcu.cz\/~stem\/2024\/martin-bilek\/\" data-type=\"link\" data-id=\"https:\/\/home.pf.jcu.cz\/~stem\/2024\/martin-bilek\/\" target=\"_blank\" rel=\"noreferrer noopener\">prof. PhDr. Martin B\u00edlek, Ph.D.<\/a><br><em>Univerzita Karlova, Pedagogick\u00e1 fakulta<\/em><br><a href=\"https:\/\/home.pf.jcu.cz\/~stem\/2024\/stem-jako-vyzva-pro-inovace-ve-vzdelavani-a-v-priprave-ucitelu\/\" target=\"_blank\" rel=\"noreferrer noopener\">STEM jako v\u00fdzva pro inovace ve vzd\u011bl\u00e1v\u00e1n\u00ed a v&nbsp;p\u0159\u00edprav\u011b u\u010ditel\u016f<\/a><\/li>\n\n\n\n<li><a href=\"https:\/\/home.pf.jcu.cz\/~stem\/2024\/jiri-dostal\/\" data-type=\"link\" data-id=\"https:\/\/home.pf.jcu.cz\/~stem\/2024\/jiri-dostal\/\" target=\"_blank\" rel=\"noreferrer noopener\">doc. PhDr. PaedDr. Ji\u0159\u00ed Dost\u00e1l, Ph.D.<\/a><br><em>Univerzita Palack\u00e9ho v Olomouci, Pedagogick\u00e1 fakulta<\/em><br><a href=\"https:\/\/home.pf.jcu.cz\/~stem\/2024\/en\/skolni-dilny-pro-stem-vzdelavani-lisi-se-idealni-predstavy-a-realita\/\" data-type=\"link\" data-id=\"https:\/\/home.pf.jcu.cz\/~stem\/2024\/en\/skolni-dilny-pro-stem-vzdelavani-lisi-se-idealni-predstavy-a-realita\/\" target=\"_blank\" rel=\"noreferrer noopener\">\u0160koln\u00ed d\u00edlny pro STEM vzd\u011bl\u00e1v\u00e1n\u00ed \u2013 li\u0161\u00ed se ide\u00e1ln\u00ed p\u0159edstavy a realita?<\/a><\/li>\n\n\n\n<li><a href=\"https:\/\/home.pf.jcu.cz\/~stem\/2024\/david-c-webb\/\" data-type=\"link\" data-id=\"https:\/\/home.pf.jcu.cz\/~stem\/2024\/david-c-webb\/\" target=\"_blank\" rel=\"noreferrer noopener\">prof. David C. Webb, Ph.D.<\/a><br><em>University of Colorado Boulder<\/em><br><a href=\"https:\/\/home.pf.jcu.cz\/~stem\/2024\/active-learning-in-stem-education-principles-and-practices-for-student-centered-classrooms\/\" target=\"_blank\" rel=\"noreferrer noopener\">Active Learning in STEM Education: Principles and Practices for Student-Centered Classrooms<\/a><\/li>\n<\/ul>\n<\/div><\/div>\n<\/div><\/div>\n\n\n\n<p>Plen\u00e1rn\u00ed p\u0159edn\u00e1\u0161ky pronesen\u00e9 v angli\u010dtin\u011b budou simult\u00e1nn\u011b tlumo\u010deny do \u010de\u0161tiny.<\/p>\n\n\n\n<h5 class=\"wp-block-heading\">Form\u00e1t konference<\/h5>\n\n\n\n<p>Konference bude po\u0159\u00e1d\u00e1na prezen\u010dn\u00ed formou.   <\/p>\n\n\n\n<h5 class=\"wp-block-heading\">Podpora<\/h5>\n\n\n\n<p>Konference je organizov\u00e1na za podpory Jiho\u010desk\u00e9 univerzity v \u010cesk\u00fdch Bud\u011bjovic\u00edch a Jednoty \u010desk\u00fdch matematik\u016f a fyzik\u016f.<\/p>\n\n\n\n<h5 class=\"wp-block-heading\">Programov\u00fd v\u00fdbor konference<\/h5>\n\n\n\n<p>Mgr. Roman Ha\u0161ek, Ph.D.<br>doc. RNDr. Helena Koldov\u00e1, Ph.D.<br>RNDr. Pavel K\u0159\u00ed\u017e, Ph.D.<br>doc. RNDr. Vladim\u00edra Petr\u00e1\u0161kov\u00e1, Ph.D.<br>Mgr. Luk\u00e1\u0161 Rokos, Ph.D.<br>RNDr. Tom\u00e1\u0161 Roskovec, Ph.D.<br>doc. RNDr. Libu\u0161e Samkov\u00e1, Ph.D.<br>doc. PaedDr. Ji\u0159\u00ed Van\u00ed\u010dek, Ph.D.<br>prof. David C. Webb, Ph.D.<\/p>\n\n\n\n<h5 class=\"wp-block-heading\">Organiza\u010dn\u00ed v\u00fdbor konference<\/h5>\n\n\n\n<p>Mgr. Roman Ha\u0161ek, Ph.D.<br>RNDr. Marika Hrube\u0161ov\u00e1, Ph.D.<br>RNDr. Pavel K\u0159\u00ed\u017e, Ph.D.<br>doc. RNDr. Vladim\u00edra Petr\u00e1\u0161kov\u00e1, Ph.D.<br>Mgr. Luk\u00e1\u0161 Rokos, Ph.D.<br>RNDr. Tom\u00e1\u0161 Roskovec, Ph.D.<br>doc. RNDr. Libu\u0161e Samkov\u00e1, Ph.D.<br><\/p>\n\n\n\n<p class=\"has-text-align-right\"><\/p>\n","protected":false},"excerpt":{"rendered":"<p>Toto je archivn\u00ed str\u00e1nka, mo\u017en\u00e1 hled\u00e1te Aktu\u00e1ln\u00ed ro\u010dn\u00edk konference STEM vzd\u011bl\u00e1v\u00e1n\u00ed. 28.\u201329. listopadu 2024 T\u0159et\u00ed konference v\u011bnovan\u00e1 STEM (Science, Technology, Engineering, and Mathematics) vzd\u011bl\u00e1v\u00e1n\u00ed na Jiho\u010desk\u00e9 univerzit\u011b v&nbsp;\u010cesk\u00fdch Bud\u011bjovic\u00edch je po\u0159\u00e1d\u00e1na s&nbsp;c\u00edlem shrom\u00e1\u017edit dom\u00e1c\u00ed i zahrani\u010dn\u00ed odborn\u00edky na vzd\u011bl\u00e1v\u00e1n\u00ed a p\u0159\u00edpravu u\u010ditel\u016f z\u00e1kladn\u00edch a st\u0159edn\u00edch \u0161kol k v\u00fdm\u011bn\u011b zku\u0161enost\u00ed a spole\u010dn\u00e9 diskusi nad teoretick\u00fdmi v\u00fdchodisky, [&hellip;]<\/p>\n","protected":false},"author":1,"featured_media":0,"parent":0,"menu_order":0,"comment_status":"closed","ping_status":"open","template":"","meta":{"footnotes":""},"class_list":["post-140","page","type-page","status-publish","hentry"],"_links":{"self":[{"href":"https:\/\/home.pf.jcu.cz\/~stem\/2024\/wp-json\/wp\/v2\/pages\/140","targetHints":{"allow":["GET"]}}],"collection":[{"href":"https:\/\/home.pf.jcu.cz\/~stem\/2024\/wp-json\/wp\/v2\/pages"}],"about":[{"href":"https:\/\/home.pf.jcu.cz\/~stem\/2024\/wp-json\/wp\/v2\/types\/page"}],"author":[{"embeddable":true,"href":"https:\/\/home.pf.jcu.cz\/~stem\/2024\/wp-json\/wp\/v2\/users\/1"}],"replies":[{"embeddable":true,"href":"https:\/\/home.pf.jcu.cz\/~stem\/2024\/wp-json\/wp\/v2\/comments?post=140"}],"version-history":[{"count":30,"href":"https:\/\/home.pf.jcu.cz\/~stem\/2024\/wp-json\/wp\/v2\/pages\/140\/revisions"}],"predecessor-version":[{"id":1091,"href":"https:\/\/home.pf.jcu.cz\/~stem\/2024\/wp-json\/wp\/v2\/pages\/140\/revisions\/1091"}],"wp:attachment":[{"href":"https:\/\/home.pf.jcu.cz\/~stem\/2024\/wp-json\/wp\/v2\/media?parent=140"}],"curies":[{"name":"wp","href":"https:\/\/api.w.org\/{rel}","templated":true}]}}