{"id":62,"date":"2011-02-19T12:56:06","date_gmt":"2011-02-19T12:56:06","guid":{"rendered":"http:\/\/localhost\/upvvm\/2011\/?page_id=27"},"modified":"2023-11-06T14:17:00","modified_gmt":"2023-11-06T13:17:00","slug":"vlozne-a-stravovani","status":"publish","type":"page","link":"https:\/\/home.pf.jcu.cz\/~upvm\/2023\/index.php\/vlozne-a-stravovani\/","title":{"rendered":"Vlo\u017en\u00e9 a stravov\u00e1n\u00ed"},"content":{"rendered":"<h3>Vlo\u017en\u00e9<\/h3>\n<blockquote>\n<p>Zv\u00fdhodn\u011bn\u00e9 vlo\u017en\u00e9 p\u0159i platb\u011b do 20. \u0159\u00edjna 2023 \u010din\u00ed<\/p>\n<\/blockquote>\n<p><strong>1100 K\u010d, pro \u010dleny J\u010cMF 1000 K\u010d.<\/strong><\/p>\n<p>Pln\u00e9 vlo\u017en\u00e9 p\u0159i platb\u011b <strong>po 20. \u0159\u00edjnu 2023<\/strong>\u00a0\u010din\u00ed<\/p>\n<p><strong>1200 K\u010d, pro \u010dleny J\u010cMF 1100 K\u010d.<\/strong><\/p>\n<p>Ve vlo\u017en\u00e9m jsou zahrnuty, mimo jin\u00e9, n\u00e1klady na sborn\u00edk, zvan\u00e9 p\u0159edn\u00e1\u0161ky, pron\u00e1jem po\u010d\u00edta\u010dov\u00fdch u\u010deben, konferen\u010dn\u00ed materi\u00e1ly a ob\u010derstven\u00ed.<\/p>\n<h4><strong>Vystaven\u00ed faktury<\/strong><\/h4>\n<p>Z\u00e1lohov\u00e1 faktura s platebn\u00edmi \u00fadaji je generov\u00e1na automaticky po registraci na str\u00e1nce konference. Vlastn\u00ed fakturu jako da\u0148ov\u00fd doklad obdr\u017e\u00ed \u00fa\u010dastn\u00edk p\u0159i registraci v m\u00edst\u011b konference, p\u0159\u00edpadn\u011b mu bude posl\u00e1na elektronicky.<\/p>\n<h4><strong>Platba v hotovosti<\/strong><\/h4>\n<p>Platit je mo\u017en\u00e9 i hotov\u011b p\u0159i registraci v m\u00edst\u011b kon\u00e1n\u00ed konference.<\/p>\n<h3>Stravov\u00e1n\u00ed<\/h3>\n<p><strong>Pro \u00fa\u010dastn\u00edky konference nebude organizov\u00e1no spole\u010dn\u00e9 stravov\u00e1n\u00ed.<\/strong><\/p>\n<p>Vzhledem k tomu, \u017ee se konference kon\u00e1 v kampusu Jiho\u010desk\u00e9 univerzity, je mo\u017en\u00e9 zajistit si individu\u00e1ln\u011b na dobu konference stravov\u00e1n\u00ed v <strong>Menze JU<\/strong>, viz <a href=\"http:\/\/kam.jcu.cz\/cs\/stravovani\" target=\"_blank\" rel=\"noopener\">http:\/\/kam.jcu.cz\/cs\/stravovani<\/a>, nebo vyu\u017e\u00edt nab\u00eddky n\u011bkter\u00e9 z\u00a0restaurac\u00ed v\u00a0okol\u00ed, viz n\u00ed\u017ee uveden\u00fd p\u0159ehled dopln\u011bn\u00fd mapou.<\/p>\n<p><strong>N\u011bkter\u00e9 restaurace v okol\u00ed m\u00edsta kon\u00e1n\u00ed konference:<br \/><\/strong><em>Restaurace Pegast,<\/em> Pod Stromovkou 203, <a href=\"https:\/\/www.pegast.cz\/\" target=\"_blank\" rel=\"noopener\">https:\/\/www.pegast.cz<\/a><br \/><em>Kozlovna U Zelen\u00e9 ratolesti,<\/em> Husova t\u0159. 1847\/5, <a href=\"http:\/\/www.kozlovnacb.cz\" target=\"_blank\" rel=\"noopener\">http:\/\/www.kozlovnacb.cz<\/a><br \/><em>Hosp\u016fdka Eli\u0161ka<\/em>, Kijevsk\u00e1 1776\/57<br \/><em>Hotel Budweis,<\/em> Ml\u00fdnsk\u00e1 165\/6, <a href=\"https:\/\/www.hotelbudweis.cz\/\" target=\"_blank\" rel=\"noopener\">https:\/\/www.hotelbudweis.cz<\/a><br \/><em>Restaurace Na Zahr\u00e1dce,<\/em> U V\u00fdstavi\u0161t\u011b 496\/3, <a href=\"https:\/\/restauracenazahradce.cz\/new\/\" target=\"_blank\" rel=\"noopener\">https:\/\/restauracenazahradce.cz<\/a><br \/><em>Restaurace u Fl\u00ed\u010dk\u016f,<\/em> Husova t\u0159. 38\/93,\u00a0 <a href=\"https:\/\/restauraceuflicku.cz\/\" target=\"_blank\" rel=\"noopener\">https:\/\/restauraceuflicku.cz<\/a><br \/><em>Restaurace a kav\u00e1rna Hoch \u0160pal\u00ed\u010dek,<\/em> Vltavsk\u00e9 n\u00e1b\u0159. 688\/3,\u00a0 <a href=\"https:\/\/www.hochspalicek.cz\/\" target=\"_blank\" rel=\"noopener\">https:\/\/www.hochspalicek.cz<\/a><br \/><em>Restaurace Jiskra,<\/em> J. Opletala 971\/33,\u00a0 <a href=\"https:\/\/www.restaurace-jiskra.cz\/\" target=\"_blank\" rel=\"noopener\">https:\/\/www.restaurace-jiskra.cz<\/a><br \/><em>Cool pizza,<\/em> M. Hor\u00e1kov\u00e9 1498,\u00a0 <a href=\"https:\/\/www.coolpizza.eu\/\" target=\"_blank\" rel=\"noopener\">https:\/\/www.coolpizza.eu<\/a><br \/>A \u0159ada dal\u0161\u00edch restaurac\u00ed v centru \u010cesk\u00fdch Bud\u011bjovic.<\/p>\n<p><iframe loading=\"lazy\" style=\"border: 0;\" src=\"https:\/\/www.google.com\/maps\/embed?pb=!1m16!1m12!1m3!1d10475.089979102506!2d14.449422389179105!3d48.976854997285805!2m3!1f0!2f0!3f0!3m2!1i1024!2i768!4f13.1!2m1!1sRestaurace!5e0!3m2!1scs!2scz!4v1686680071144!5m2!1scs!2scz\" width=\"600\" height=\"450\" allowfullscreen=\"allowfullscreen\"><\/iframe><\/p>\n\n\n<p><\/p>\n","protected":false},"excerpt":{"rendered":"<p>Vlo\u017en\u00e9 Zv\u00fdhodn\u011bn\u00e9 vlo\u017en\u00e9 p\u0159i platb\u011b do 20. \u0159\u00edjna 2023 \u010din\u00ed 1100 K\u010d, pro \u010dleny J\u010cMF 1000 K\u010d. Pln\u00e9 vlo\u017en\u00e9 p\u0159i platb\u011b po 20. \u0159\u00edjnu 2023\u00a0\u010din\u00ed 1200 K\u010d, pro \u010dleny J\u010cMF 1100 K\u010d. Ve vlo\u017en\u00e9m jsou zahrnuty, mimo jin\u00e9, n\u00e1klady na sborn\u00edk, zvan\u00e9 p\u0159edn\u00e1\u0161ky, pron\u00e1jem po\u010d\u00edta\u010dov\u00fdch u\u010deben, konferen\u010dn\u00ed materi\u00e1ly a ob\u010derstven\u00ed. Vystaven\u00ed faktury Z\u00e1lohov\u00e1 faktura s &hellip; <a href=\"https:\/\/home.pf.jcu.cz\/~upvm\/2023\/index.php\/vlozne-a-stravovani\/\" class=\"more-link\">Pokra\u010dovat ve \u010dten\u00ed<span class=\"screen-reader-text\"> &#8222;Vlo\u017en\u00e9 a stravov\u00e1n\u00ed&#8220;<\/span><\/a><\/p>\n","protected":false},"author":1,"featured_media":0,"parent":0,"menu_order":0,"comment_status":"closed","ping_status":"open","template":"","meta":{"footnotes":""},"class_list":["post-62","page","type-page","status-publish","hentry"],"_links":{"self":[{"href":"https:\/\/home.pf.jcu.cz\/~upvm\/2023\/index.php\/wp-json\/wp\/v2\/pages\/62","targetHints":{"allow":["GET"]}}],"collection":[{"href":"https:\/\/home.pf.jcu.cz\/~upvm\/2023\/index.php\/wp-json\/wp\/v2\/pages"}],"about":[{"href":"https:\/\/home.pf.jcu.cz\/~upvm\/2023\/index.php\/wp-json\/wp\/v2\/types\/page"}],"author":[{"embeddable":true,"href":"https:\/\/home.pf.jcu.cz\/~upvm\/2023\/index.php\/wp-json\/wp\/v2\/users\/1"}],"replies":[{"embeddable":true,"href":"https:\/\/home.pf.jcu.cz\/~upvm\/2023\/index.php\/wp-json\/wp\/v2\/comments?post=62"}],"version-history":[{"count":14,"href":"https:\/\/home.pf.jcu.cz\/~upvm\/2023\/index.php\/wp-json\/wp\/v2\/pages\/62\/revisions"}],"predecessor-version":[{"id":1448,"href":"https:\/\/home.pf.jcu.cz\/~upvm\/2023\/index.php\/wp-json\/wp\/v2\/pages\/62\/revisions\/1448"}],"wp:attachment":[{"href":"https:\/\/home.pf.jcu.cz\/~upvm\/2023\/index.php\/wp-json\/wp\/v2\/media?parent=62"}],"curies":[{"name":"wp","href":"https:\/\/api.w.org\/{rel}","templated":true}]}}