{"id":1023,"date":"2021-11-06T03:22:24","date_gmt":"2021-11-06T02:22:24","guid":{"rendered":"http:\/\/home.pf.jcu.cz\/~upvm\/2021\/?page_id=1023"},"modified":"2021-11-06T03:22:24","modified_gmt":"2021-11-06T02:22:24","slug":"anotace-prednasek","status":"publish","type":"page","link":"https:\/\/home.pf.jcu.cz\/~upvm\/2025\/anotace-prednasek\/","title":{"rendered":"Anotace p\u0159edn\u00e1\u0161ek"},"content":{"rendered":"\n\t<table class=\"seznam_ucastniku\">\n\t  <tr>\n\t    <th class=\"jmeno_prijmeni\" style=\"width: 30%;\">Jm\u00e9no a p\u0159\u00edjmen\u00ed<\/th>\n\t    <th class=\"prispevek\" style=\"width: 35%;\">P\u0159\u00edsp\u011bvek<\/th>\n\t  <\/tr>\n\t\t\t  <tr class=\"lichy\">\n\t\t    <td>\n\t\t      Eli\u0161ka Ber\u00e1nkov\u00e1 Mgr.\t\t    <\/td>\n\n\t\t\t<td><a href=\"https:\/\/home.pf.jcu.cz\/~upvm\/2025\/?p=1726\" title=\"Anotace p\u0159\u00edsp\u011bvku Mattecoach: kdy\u017e dou\u010dov\u00e1n\u00ed pom\u00e1h\u00e1 \u017e\u00e1k\u016fm i budouc\u00edm u\u010ditel\u016fm.\">Mattecoach: kdy\u017e dou\u010dov\u00e1n\u00ed pom\u00e1h\u00e1 \u017e\u00e1k\u016fm i budouc\u00edm u\u010ditel\u016fm<\/a><\/td>   \n\t\t\t    \n\t\t\t  <\/tr>\n\t\t\t\t\t  <tr class=\"sudy\">\n\t\t    <td>\n\t\t      Daniela B\u00edmov\u00e1 Mgr., Ph.D.\t\t    <\/td>\n\n\t\t\t<td>Workshop: <a href=\"https:\/\/home.pf.jcu.cz\/~upvm\/2025\/?p=1713\" title=\"Anotace workshopu Od digit\u00e1ln\u00ed simulace k odvalov\u00e1n\u00ed 3D ti\u0161t\u011bn\u00e9ho fyzick\u00e9ho modelu.\">Od digit\u00e1ln\u00ed simulace k odvalov\u00e1n\u00ed 3D ti\u0161t\u011bn\u00e9ho fyzick\u00e9ho modelu<\/a><\/td>   \n\t\t\t    \n\t\t\t  <\/tr>\n\t\t\t\t\t  <tr class=\"lichy\">\n\t\t    <td>\n\t\t      Ji\u0159\u00ed Bla\u017eek Mgr. Ph.D.\t\t    <\/td>\n\n\t\t\t<td><a href=\"https:\/\/home.pf.jcu.cz\/~upvm\/2025\/?p=1823\" title=\"Anotace p\u0159\u00edsp\u011bvku GeoGebra a syntetick\u00e9 \u0159e\u0161en\u00ed geometrick\u00fdch probl\u00e9m\u016f.\">GeoGebra a syntetick\u00e9 \u0159e\u0161en\u00ed geometrick\u00fdch probl\u00e9m\u016f<\/a><\/td>   \n\t\t\t    \n\t\t\t  <\/tr>\n\t\t\t\t\t  <tr class=\"sudy\">\n\t\t    <td>\n\t\t      Zden\u011bk Buk Ing., Ph.D.\t\t    <\/td>\n\n\t\t\t<td><a href=\"https:\/\/home.pf.jcu.cz\/~upvm\/2025\/?p=1730\" title=\"Anotace p\u0159\u00edsp\u011bvku Wolfram ve v\u00fduce: jak prom\u011bnit studenty v objevitele.\">Wolfram ve v\u00fduce: jak prom\u011bnit studenty v objevitele<\/a><\/td>   \n\t\t\t    \n\t\t\t  <\/tr>\n\t\t\t\t\t  <tr class=\"lichy\">\n\t\t    <td>\n\t\t      Radka Dofkov\u00e1 doc. PhDr. Ph.D.\t\t    <\/td>\n\n\t\t\t<td><a href=\"https:\/\/home.pf.jcu.cz\/~upvm\/2025\/?p=1798\" title=\"Anotace p\u0159\u00edsp\u011bvku Poster: Kompetence budouc\u00edch u\u010ditel\u016f matematiky k vytv\u00e1\u0159en\u00ed vhodn\u00e9ho digit\u00e1ln\u00edho prost\u0159ed\u00ed na 1. stupni Z\u0160.\">Poster: Kompetence budouc\u00edch u\u010ditel\u016f matematiky k vytv\u00e1\u0159en\u00ed vhodn\u00e9ho digit\u00e1ln\u00edho prost\u0159ed\u00ed na 1. stupni Z\u0160<\/a><\/td>   \n\t\t\t    \n\t\t\t  <\/tr>\n\t\t\t\t\t  <tr class=\"sudy\">\n\t\t    <td>\n\t\t      Jana Dole\u017ealov\u00e1 \t\t    <\/td>\n\n\t\t\t<td>Workshop: <a href=\"https:\/\/home.pf.jcu.cz\/~upvm\/2025\/?p=1806\" title=\"Anotace workshopu Statistika pro digit\u00e1ln\u00ed generaci: Mezip\u0159edm\u011btov\u011b a interaktivn\u011b.\">Statistika pro digit\u00e1ln\u00ed generaci: Mezip\u0159edm\u011btov\u011b a interaktivn\u011b<\/a><\/td>   \n\t\t\t    \n\t\t\t  <\/tr>\n\t\t\t\t\t  <tr class=\"lichy\">\n\t\t    <td>\n\t\t      Stanislava Dvo\u0159\u00e1kov\u00e1 Ing., Ph.D.\t\t    <\/td>\n\n\t\t\t<td><a href=\"https:\/\/home.pf.jcu.cz\/~upvm\/2025\/?p=1851\" title=\"Anotace p\u0159\u00edsp\u011bvku Melodie na milimetrov\u00e9m pap\u00ed\u0159e: Vyu\u017eit\u00ed po\u010d\u00edta\u010dem generovan\u00e9ho Melodick\u00e9ho grafu k aplikaci matematiky.\">Melodie na milimetrov\u00e9m pap\u00ed\u0159e: Vyu\u017eit\u00ed po\u010d\u00edta\u010dem generovan\u00e9ho Melodick\u00e9ho grafu k aplikaci matematiky<\/a><\/td>   \n\t\t\t    \n\t\t\t  <\/tr>\n\t\t\t\t\t  <tr class=\"sudy\">\n\t\t    <td>\n\t\t      \u0160tefan Gu\u017eela doc. Ing. PhD.\t\t    <\/td>\n\n\t\t\t<td><a href=\"https:\/\/home.pf.jcu.cz\/~upvm\/2025\/?p=1725\" title=\"Anotace p\u0159\u00edsp\u011bvku Perspekt\u00edva v\u00fdu\u010dby matematiky na vysok\u00fdch \u0161kol\u00e1ch technick\u00e9ho smeru.\">Perspekt\u00edva v\u00fdu\u010dby matematiky na vysok\u00fdch \u0161kol\u00e1ch technick\u00e9ho smeru<\/a><\/td>   \n\t\t\t    \n\t\t\t  <\/tr>\n\t\t\t\t\t  <tr class=\"lichy\">\n\t\t    <td>\n\t\t      Jaroslav Hora doc., RNDr. ,CSc.\t\t    <\/td>\n\n\t\t\t<td><a href=\"https:\/\/home.pf.jcu.cz\/~upvm\/2025\/?p=1791\" title=\"Anotace p\u0159\u00edsp\u011bvku Indick\u00fd matematick\u00fd g\u00e9nius S. Ramanujan.\">Indick\u00fd matematick\u00fd g\u00e9nius S. Ramanujan<\/a><\/td>   \n\t\t\t    \n\t\t\t  <\/tr>\n\t\t\t\t\t  <tr class=\"sudy\">\n\t\t    <td>\n\t\t      Marika Hrube\u0161ov\u00e1 RNDr., Ph.D.\t\t    <\/td>\n\n\t\t\t<td><a href=\"https:\/\/home.pf.jcu.cz\/~upvm\/2025\/?p=1881\" title=\"Anotace p\u0159\u00edsp\u011bvku Interaktivn\u00ed \u00falohy rozv\u00edjej\u00edc\u00ed kombinatorick\u00e9 my\u0161len\u00ed \u017e\u00e1k\u016f 1. stupn\u011b Z\u0160.\">Interaktivn\u00ed \u00falohy rozv\u00edjej\u00edc\u00ed kombinatorick\u00e9 my\u0161len\u00ed \u017e\u00e1k\u016f 1. stupn\u011b Z\u0160<\/a><\/td>   \n\t\t\t    \n\t\t\t  <\/tr>\n\t\t\t\t\t  <tr class=\"lichy\">\n\t\t    <td>\n\t\t      Miroslava Huclov\u00e1 PhDr. Ph.D.\t\t    <\/td>\n\n\t\t\t<td><a href=\"https:\/\/home.pf.jcu.cz\/~upvm\/2025\/?p=1868\" title=\"Anotace p\u0159\u00edsp\u011bvku Vyu\u017eit\u00ed AI p\u0159i v\u00fduce matematiky na Z\u0160.\">Vyu\u017eit\u00ed AI p\u0159i v\u00fduce matematiky na Z\u0160<\/a><\/td>   \n\t\t\t    \n\t\t\t  <\/tr>\n\t\t\t\t\t  <tr class=\"sudy\">\n\t\t    <td>\n\t\t      Kate\u0159ina Kalov\u00e1 Mgr.\t\t    <\/td>\n\n\t\t\t<td>Workshop: <a href=\"https:\/\/home.pf.jcu.cz\/~upvm\/2025\/?p=1707\" title=\"Anotace workshopu Molekul\u00e1rn\u00ed architektura.\">Molekul\u00e1rn\u00ed architektura<\/a><\/td>   \n\t\t\t    \n\t\t\t  <\/tr>\n\t\t\t\t\t  <tr class=\"lichy\">\n\t\t    <td>\n\t\t      Al\u017eb\u011bta Kola\u0159\u00edkov\u00e1 \t\t    <\/td>\n\n\t\t\t<td><a href=\"https:\/\/home.pf.jcu.cz\/~upvm\/2025\/?p=1704\" title=\"Anotace p\u0159\u00edsp\u011bvku Praktick\u00e9 aktivity z teorie graf\u016f s vyu\u017eit\u00edm webov\u00e9 aplikace GraphOnline.\">Praktick\u00e9 aktivity z teorie graf\u016f s vyu\u017eit\u00edm webov\u00e9 aplikace GraphOnline<\/a><\/td>   \n\t\t\t    \n\t\t\t  <\/tr>\n\t\t\t\t\t  <tr class=\"sudy\">\n\t\t    <td>\n\t\t      Helena Koldov\u00e1 doc. RNDr. Ph.D.\t\t    <\/td>\n\n\t\t\t<td>Workshop: <a href=\"https:\/\/home.pf.jcu.cz\/~upvm\/2025\/?p=1803\" title=\"Anotace workshopu Jak si p\u0159ipadaj\u00ed u\u010ditel\u00e9 z praxe jist\u00ed p\u0159i integrovan\u00e9 v\u00fduce p\u0159\u00edrodov\u011bdn\u00fdch p\u0159edm\u011bt\u016f, techniky, informatiky a matematiky?.\">Jak si p\u0159ipadaj\u00ed u\u010ditel\u00e9 z praxe jist\u00ed p\u0159i integrovan\u00e9 v\u00fduce p\u0159\u00edrodov\u011bdn\u00fdch p\u0159edm\u011bt\u016f, techniky, informatiky a matematiky?<\/a><\/td>   \n\t\t\t    \n\t\t\t  <\/tr>\n\t\t\t\t\t  <tr class=\"lichy\">\n\t\t    <td>\n\t\t      So\u0148a K\u00f6nigsmarkov\u00e1 Mgr., Mgr., Ph.D.\t\t    <\/td>\n\n\t\t\t<td><a href=\"https:\/\/home.pf.jcu.cz\/~upvm\/2025\/?p=1866\" title=\"Anotace p\u0159\u00edsp\u011bvku Indick\u00fd matematick\u00fd g\u00e9nius S. Ramanujan.\">Indick\u00fd matematick\u00fd g\u00e9nius S. Ramanujan<\/a><\/td>   \n\t\t\t    \n\t\t\t  <\/tr>\n\t\t\t\t\t  <tr class=\"sudy\">\n\t\t    <td>\n\t\t      Magdalena Kr\u00e1tk\u00e1 PhDr., Ph.D.\t\t    <\/td>\n\n\t\t\t<td><a href=\"https:\/\/home.pf.jcu.cz\/~upvm\/2025\/?p=1708\" title=\"Anotace p\u0159\u00edsp\u011bvku Kdy\u017e chatboti vysv\u011btluj\u00ed geometrii.\">Kdy\u017e chatboti vysv\u011btluj\u00ed geometrii<\/a><\/td>   \n\t\t\t    \n\t\t\t  <\/tr>\n\t\t\t\t\t  <tr class=\"lichy\">\n\t\t    <td>\n\t\t      V\u00edt\u011bzslav Kru\u017e\u00edk Mgr. Ph.D. MBA\t\t    <\/td>\n\n\t\t\t<td><a href=\"https:\/\/home.pf.jcu.cz\/~upvm\/2025\/?p=1728\" title=\"Anotace p\u0159\u00edsp\u011bvku Melodie na milimetrov\u00e9m pap\u00ed\u0159e: Vyu\u017eit\u00ed po\u010d\u00edta\u010dem generovan\u00e9ho Melodick\u00e9ho grafu k aplikaci matematiky.\">Melodie na milimetrov\u00e9m pap\u00ed\u0159e: Vyu\u017eit\u00ed po\u010d\u00edta\u010dem generovan\u00e9ho Melodick\u00e9ho grafu k aplikaci matematiky<\/a><\/td>   \n\t\t\t    \n\t\t\t  <\/tr>\n\t\t\t\t\t  <tr class=\"sudy\">\n\t\t    <td>\n\t\t      Hana Mahnelov\u00e1 Mgr., Ph.D.\t\t    <\/td>\n\n\t\t\t<td><a href=\"https:\/\/home.pf.jcu.cz\/~upvm\/2025\/?p=1820\" title=\"Anotace p\u0159\u00edsp\u011bvku Vyu\u017eit\u00ed tabulkov\u00e9ho procesoru p\u0159i \u0159e\u0161en\u00ed re\u00e1ln\u00fdch \u00faloh s \u010dasov\u00fdmi \u00fadaji.\">Vyu\u017eit\u00ed tabulkov\u00e9ho procesoru p\u0159i \u0159e\u0161en\u00ed re\u00e1ln\u00fdch \u00faloh s \u010dasov\u00fdmi \u00fadaji<\/a> | Workshop: <a href=\"https:\/\/home.pf.jcu.cz\/~upvm\/2025\/?p=1821\" title=\"Anotace workshopu Aktivity podporuj\u00edc\u00ed rozvoj digit\u00e1ln\u00edch kompetenc\u00ed \u017e\u00e1k\u016f v matematice.\">Aktivity podporuj\u00edc\u00ed rozvoj digit\u00e1ln\u00edch kompetenc\u00ed \u017e\u00e1k\u016f v matematice<\/a><\/td>   \n\t\t\t    \n\t\t\t  <\/tr>\n\t\t\t\t\t  <tr class=\"lichy\">\n\t\t    <td>\n\t\t      Terezie Mach\u00e1tov\u00e1 Mgr.\t\t    <\/td>\n\n\t\t\t<td><a href=\"https:\/\/home.pf.jcu.cz\/~upvm\/2025\/?p=1883\" title=\"Anotace p\u0159\u00edsp\u011bvku Interaktivn\u00ed \u00falohy rozv\u00edjej\u00edc\u00ed kombinatorick\u00e9 my\u0161len\u00ed \u017e\u00e1k\u016f 1. stupn\u011b Z\u0160.\">Interaktivn\u00ed \u00falohy rozv\u00edjej\u00edc\u00ed kombinatorick\u00e9 my\u0161len\u00ed \u017e\u00e1k\u016f 1. stupn\u011b Z\u0160<\/a><\/td>   \n\t\t\t    \n\t\t\t  <\/tr>\n\t\t\t\t\t  <tr class=\"sudy\">\n\t\t    <td>\n\t\t      Zuzana P\u00e1t\u00edkov\u00e1 doc. Mgr., Ph.D.\t\t    <\/td>\n\n\t\t\t<td><a href=\"https:\/\/home.pf.jcu.cz\/~upvm\/2025\/?p=1680\" title=\"Anotace p\u0159\u00edsp\u011bvku Automatizovan\u00e9 hodnocen\u00ed matematick\u00fdch \u00faloh s moodle pluginem STACK (plen\u00e1rn\u00ed p\u0159edn\u00e1\u0161ka).\">Automatizovan\u00e9 hodnocen\u00ed matematick\u00fdch \u00faloh s moodle pluginem STACK (plen\u00e1rn\u00ed p\u0159edn\u00e1\u0161ka)<\/a><\/td>   \n\t\t\t    \n\t\t\t  <\/tr>\n\t\t\t\t\t  <tr class=\"lichy\">\n\t\t    <td>\n\t\t      Vladim\u00edra Petr\u00e1\u0161kov\u00e1 \t\t    <\/td>\n\n\t\t\t<td>Workshop: <a href=\"https:\/\/home.pf.jcu.cz\/~upvm\/2025\/?p=1805\" title=\"Anotace workshopu Statistika pro digit\u00e1ln\u00ed generaci: Mezip\u0159edm\u011btov\u011b a interaktivn\u011b.\">Statistika pro digit\u00e1ln\u00ed generaci: Mezip\u0159edm\u011btov\u011b a interaktivn\u011b<\/a><\/td>   \n\t\t\t    \n\t\t\t  <\/tr>\n\t\t\t\t\t  <tr class=\"sudy\">\n\t\t    <td>\n\t\t      Petra Pirklov\u00e1 RNDr. Ph.D.\t\t    <\/td>\n\n\t\t\t<td><a href=\"https:\/\/home.pf.jcu.cz\/~upvm\/2025\/?p=1727\" title=\"Anotace p\u0159\u00edsp\u011bvku Mo\u017enosti vyu\u017eit\u00ed digit\u00e1ln\u00edch technologi\u00ed p\u0159i v\u00fduce geometrick\u00fdch zobrazen\u00ed v prostoru.\">Mo\u017enosti vyu\u017eit\u00ed digit\u00e1ln\u00edch technologi\u00ed p\u0159i v\u00fduce geometrick\u00fdch zobrazen\u00ed v prostoru<\/a><\/td>   \n\t\t\t    \n\t\t\t  <\/tr>\n\t\t\t\t\t  <tr class=\"lichy\">\n\t\t    <td>\n\t\t      Roman Plch RNDr., PhD.\t\t    <\/td>\n\n\t\t\t<td>Workshop: <a href=\"https:\/\/home.pf.jcu.cz\/~upvm\/2025\/?p=1696\" title=\"Anotace workshopu AI ve v\u00fduce matematiky na st\u0159edn\u00ed \u0161kole.\">AI ve v\u00fduce matematiky na st\u0159edn\u00ed \u0161kole<\/a><\/td>   \n\t\t\t    \n\t\t\t  <\/tr>\n\t\t\t\t\t  <tr class=\"sudy\">\n\t\t    <td>\n\t\t      Vladim\u00edr Pol\u00e1\u0161ek Mgr., Ph.D.\t\t    <\/td>\n\n\t\t\t<td>Workshop: <a href=\"https:\/\/home.pf.jcu.cz\/~upvm\/2025\/?p=1830\" title=\"Anotace workshopu Matematick\u00e9 \u00falohy s Moodle pluginem STACK.\">Matematick\u00e9 \u00falohy s Moodle pluginem STACK<\/a><\/td>   \n\t\t\t    \n\t\t\t  <\/tr>\n\t\t\t\t\t  <tr class=\"lichy\">\n\t\t    <td>\n\t\t      Josef Rak RNDr., Ph.D.\t\t    <\/td>\n\n\t\t\t<td>Workshop: <a href=\"https:\/\/home.pf.jcu.cz\/~upvm\/2025\/?p=1703\" title=\"Anotace workshopu Kalkul\u00e1rory Classwiz a prost\u0159ed\u00ed classpad.net.\">Kalkul\u00e1rory Classwiz a prost\u0159ed\u00ed classpad.net<\/a><\/td>   \n\t\t\t    \n\t\t\t  <\/tr>\n\t\t\t\t\t  <tr class=\"sudy\">\n\t\t    <td>\n\t\t      Tom\u00e1\u0161 Riemel Mgr., Ph.D.\t\t    <\/td>\n\n\t\t\t<td><a href=\"https:\/\/home.pf.jcu.cz\/~upvm\/2025\/?p=1717\" title=\"Anotace p\u0159\u00edsp\u011bvku Modern\u00ed digit\u00e1ln\u00ed n\u00e1stroje ve v\u00fduce matematiky: GeoGebra, Wolfram Alpha a ChatGPT.\">Modern\u00ed digit\u00e1ln\u00ed n\u00e1stroje ve v\u00fduce matematiky: GeoGebra, Wolfram Alpha a ChatGPT<\/a><\/td>   \n\t\t\t    \n\t\t\t  <\/tr>\n\t\t\t\t\t  <tr class=\"lichy\">\n\t\t    <td>\n\t\t      Luk\u00e1\u0161 Rokos Mgr., Ph.D.\t\t    <\/td>\n\n\t\t\t<td>Workshop: <a href=\"https:\/\/home.pf.jcu.cz\/~upvm\/2025\/?p=1800\" title=\"Anotace workshopu Jak si p\u0159ipadaj\u00ed u\u010ditel\u00e9 z praxe jist\u00ed p\u0159i integrovan\u00e9 v\u00fduce p\u0159\u00edrodov\u011bdn\u00fdch p\u0159edm\u011bt\u016f, techniky, informatiky a matematiky?.\">Jak si p\u0159ipadaj\u00ed u\u010ditel\u00e9 z praxe jist\u00ed p\u0159i integrovan\u00e9 v\u00fduce p\u0159\u00edrodov\u011bdn\u00fdch p\u0159edm\u011bt\u016f, techniky, informatiky a matematiky?<\/a><\/td>   \n\t\t\t    \n\t\t\t  <\/tr>\n\t\t\t\t\t  <tr class=\"sudy\">\n\t\t    <td>\n\t\t      Petra Schreiberov\u00e1 Ing. Ph.D.\t\t    <\/td>\n\n\t\t\t<td><a href=\"https:\/\/home.pf.jcu.cz\/~upvm\/2025\/?p=1718\" title=\"Anotace p\u0159\u00edsp\u011bvku Hrav\u00e1 matematika s po\u010d\u00edta\u010dem: v\u00fdvoj a realizace krou\u017eku pro d\u011bti.\">Hrav\u00e1 matematika s po\u010d\u00edta\u010dem: v\u00fdvoj a realizace krou\u017eku pro d\u011bti<\/a><\/td>   \n\t\t\t    \n\t\t\t  <\/tr>\n\t\t\t\t\t  <tr class=\"lichy\">\n\t\t    <td>\n\t\t      Petra Surynkov\u00e1 RNDr., Ph.D.\t\t    <\/td>\n\n\t\t\t<td><a href=\"https:\/\/home.pf.jcu.cz\/~upvm\/2025\/?p=1729\" title=\"Anotace p\u0159\u00edsp\u011bvku Vyu\u017eit\u00ed 3D ti\u0161t\u011bn\u00fdch manipulativ\u016f ve v\u00fduce matematiky na S\u0160: podpora pozn\u00e1vac\u00edch proces\u016f student\u016f.\">Vyu\u017eit\u00ed 3D ti\u0161t\u011bn\u00fdch manipulativ\u016f ve v\u00fduce matematiky na S\u0160: podpora pozn\u00e1vac\u00edch proces\u016f student\u016f<\/a><\/td>   \n\t\t\t    \n\t\t\t  <\/tr>\n\t\t\t\t\t  <tr class=\"sudy\">\n\t\t    <td>\n\t\t      vladimir tesa\u0159 mgr\t\t    <\/td>\n\n\t\t\t<td><a href=\"https:\/\/home.pf.jcu.cz\/~upvm\/2025\/?p=1784\" title=\"Anotace p\u0159\u00edsp\u011bvku Abaku LAB \u2013 aktivn\u00ed matematick\u00e9 (aritmetick\u00e9) my\u0161len\u00ed pomoc\u00ed hern\u00ed aplikace.\">Abaku LAB \u2013 aktivn\u00ed matematick\u00e9 (aritmetick\u00e9) my\u0161len\u00ed pomoc\u00ed hern\u00ed aplikace<\/a><\/td>   \n\t\t\t    \n\t\t\t  <\/tr>\n\t\t\t\t\t  <tr class=\"lichy\">\n\t\t    <td>\n\t\t      Michaela Tich\u00e1 RNDr. Ing., Ph.D.\t\t    <\/td>\n\n\t\t\t<td><a href=\"https:\/\/home.pf.jcu.cz\/~upvm\/2025\/?p=1709\" title=\"Anotace p\u0159\u00edsp\u011bvku Kdy\u017e chatboti vysv\u011btluj\u00ed geometrii.\">Kdy\u017e chatboti vysv\u011btluj\u00ed geometrii<\/a><\/td>   \n\t\t\t    \n\t\t\t  <\/tr>\n\t\t\t\t\t  <tr class=\"sudy\">\n\t\t    <td>\n\t\t      Luk\u00e1\u0161 V\u00edzek \t\t    <\/td>\n\n\t\t\t<td>Workshop: <a href=\"https:\/\/home.pf.jcu.cz\/~upvm\/2025\/?p=1687\" title=\"Anotace workshopu Jak z v\u00fdzkumu u\u017eit\u00ed po\u010d\u00edta\u010d\u016f ve v\u00fduce vybagrovat hodinu matematiky.\">Jak z v\u00fdzkumu u\u017eit\u00ed po\u010d\u00edta\u010d\u016f ve v\u00fduce vybagrovat hodinu matematiky<\/a><\/td>   \n\t\t\t    \n\t\t\t  <\/tr>\n\t\t\t\t\t  <tr class=\"lichy\">\n\t\t    <td>\n\t\t      Jana Voln\u00e1 RNDr., Ph.D.\t\t    <\/td>\n\n\t\t\t<td><a href=\"https:\/\/home.pf.jcu.cz\/~upvm\/2025\/?p=1807\" title=\"Anotace p\u0159\u00edsp\u011bvku Hrav\u00e1 matematika s po\u010d\u00edta\u010dem: v\u00fdvoj a realizace krou\u017eku pro d\u011bti.\">Hrav\u00e1 matematika s po\u010d\u00edta\u010dem: v\u00fdvoj a realizace krou\u017eku pro d\u011bti<\/a><\/td>   \n\t\t\t    \n\t\t\t  <\/tr>\n\t\t\t\t\t  <tr class=\"sudy\">\n\t\t    <td>\n\t\t      Petr Voln\u00fd RNDr., Ph.D.\t\t    <\/td>\n\n\t\t\t<td><a href=\"https:\/\/home.pf.jcu.cz\/~upvm\/2025\/?p=1808\" title=\"Anotace p\u0159\u00edsp\u011bvku Hrav\u00e1 matematika s po\u010d\u00edta\u010dem: v\u00fdvoj a realizace krou\u017eku pro d\u011bti.\">Hrav\u00e1 matematika s po\u010d\u00edta\u010dem: v\u00fdvoj a realizace krou\u017eku pro d\u011bti<\/a><\/td>   \n\t\t\t    \n\t\t\t  <\/tr>\n\t\t\t\t\t  <tr class=\"lichy\">\n\t\t    <td>\n\t\t      Petra Vondr\u00e1kov\u00e1 RNDr. Ph.D.\t\t    <\/td>\n\n\t\t\t<td><a href=\"https:\/\/home.pf.jcu.cz\/~upvm\/2025\/?p=1789\" title=\"Anotace p\u0159\u00edsp\u011bvku P\u0159\u00edklady typu &quot;Najdi chybu&quot; ve st\u0159edo\u0161kolsk\u00e9 matematice.\">P\u0159\u00edklady typu &quot;Najdi chybu&quot; ve st\u0159edo\u0161kolsk\u00e9 matematice<\/a><\/td>   \n\t\t\t    \n\t\t\t  <\/tr>\n\t\t\t\t\t  <tr class=\"sudy\">\n\t\t    <td>\n\t\t      Marie Vondru\u0161kov\u00e1 Mgr.\t\t    <\/td>\n\n\t\t\t<td><a href=\"https:\/\/home.pf.jcu.cz\/~upvm\/2025\/?p=1731\" title=\"Anotace p\u0159\u00edsp\u011bvku Interaktivn\u00ed aktivity pro hodiny matematiky na z\u00e1kladn\u00ed \u0161kole.\">Interaktivn\u00ed aktivity pro hodiny matematiky na z\u00e1kladn\u00ed \u0161kole<\/a><\/td>   \n\t\t\t    \n\t\t\t  <\/tr>\n\t\t\t\t<\/table>\n\n\t<p class=\"center\"><\/p>\n\n\t\n","protected":false},"excerpt":{"rendered":"","protected":false},"author":1,"featured_media":0,"parent":0,"menu_order":0,"comment_status":"closed","ping_status":"closed","template":"","meta":{"footnotes":""},"class_list":["post-1023","page","type-page","status-publish","hentry"],"_links":{"self":[{"href":"https:\/\/home.pf.jcu.cz\/~upvm\/2025\/wp-json\/wp\/v2\/pages\/1023","targetHints":{"allow":["GET"]}}],"collection":[{"href":"https:\/\/home.pf.jcu.cz\/~upvm\/2025\/wp-json\/wp\/v2\/pages"}],"about":[{"href":"https:\/\/home.pf.jcu.cz\/~upvm\/2025\/wp-json\/wp\/v2\/types\/page"}],"author":[{"embeddable":true,"href":"https:\/\/home.pf.jcu.cz\/~upvm\/2025\/wp-json\/wp\/v2\/users\/1"}],"replies":[{"embeddable":true,"href":"https:\/\/home.pf.jcu.cz\/~upvm\/2025\/wp-json\/wp\/v2\/comments?post=1023"}],"version-history":[{"count":0,"href":"https:\/\/home.pf.jcu.cz\/~upvm\/2025\/wp-json\/wp\/v2\/pages\/1023\/revisions"}],"wp:attachment":[{"href":"https:\/\/home.pf.jcu.cz\/~upvm\/2025\/wp-json\/wp\/v2\/media?parent=1023"}],"curies":[{"name":"wp","href":"https:\/\/api.w.org\/{rel}","templated":true}]}}