{"id":59,"date":"2011-02-19T12:55:20","date_gmt":"2011-02-19T12:55:20","guid":{"rendered":"http:\/\/localhost\/upvvm\/2011\/?page_id=21"},"modified":"2025-11-11T21:34:03","modified_gmt":"2025-11-11T20:34:03","slug":"plenarni-prednasky","status":"publish","type":"page","link":"https:\/\/home.pf.jcu.cz\/~upvm\/2025\/plenarni-prednasky\/","title":{"rendered":"Plen\u00e1rn\u00ed p\u0159edn\u00e1\u0161ky"},"content":{"rendered":"\n<p><strong><a href=\"https:\/\/home.pf.jcu.cz\/~upvm\/2025\/2025\/10\/25\/diagnosing-and-supporting-pupils-with-severe-difficulties-in-learning-arithmetic\/\" data-type=\"link\" data-id=\"https:\/\/home.pf.jcu.cz\/~upvm\/2025\/2025\/10\/25\/diagnosing-and-supporting-pupils-with-severe-difficulties-in-learning-arithmetic\/\" target=\"_blank\" rel=\"noreferrer noopener\">Diagnosing and supporting pupils with severe difficulties in learning arithmetic<\/a><\/strong><br><a href=\"https:\/\/home.pf.jcu.cz\/~upvm\/2025\/2025\/11\/10\/volker-ulm\/\" target=\"_blank\" rel=\"noreferrer noopener\">Prof. Dr. Volker Ulm<\/a><br><em>Universit\u00e4t Bayreuth<\/em><\/p>\n\n\n\n<p><strong><a href=\"https:\/\/home.pf.jcu.cz\/~upvm\/2025\/2025\/10\/25\/dynamicka-geometrie-aneb-geogebra-v-akci\/\" data-type=\"link\" data-id=\"https:\/\/home.pf.jcu.cz\/~upvm\/2025\/2025\/10\/25\/dynamicka-geometrie-aneb-geogebra-v-akci\/\" target=\"_blank\" rel=\"noreferrer noopener\">Dynamick\u00e1 geometrie aneb GeoGebra v akci<\/a><\/strong><br><a href=\"https:\/\/home.pf.jcu.cz\/~upvm\/2025\/2025\/11\/11\/tomas-fabian\/\" target=\"_blank\" rel=\"noreferrer noopener\">Mgr. Tom\u00e1\u0161 Fabi\u00e1n<\/a><br><em>Gymn\u00e1zium, Dv\u016fr Kr\u00e1lov\u00e9 nad Labem<\/em><\/p>\n\n\n\n<p><strong><a href=\"https:\/\/home.pf.jcu.cz\/~upvm\/2025\/2025\/10\/25\/popularizace-statistiky-s-ceskym-statistickym-uradem\/\" target=\"_blank\" rel=\"noreferrer noopener\">Popularizace statistiky s \u010cesk\u00fdm statistick\u00fdm \u00fa\u0159adem<\/a><\/strong><br><a href=\"https:\/\/home.pf.jcu.cz\/~upvm\/2025\/2025\/11\/10\/petra-kuncova\/\" target=\"_blank\" rel=\"noreferrer noopener\">Ing. Petra Kuncov\u00e1<\/a><br><em>\u010cesk\u00fd statistick\u00fd \u00fa\u0159ad<\/em><\/p>\n\n\n\n<p><strong><a href=\"https:\/\/home.pf.jcu.cz\/~upvm\/2025\/2025\/10\/25\/automatizovane-hodnoceni-matematickych-uloh-s-moodle-pluginem-stack\/\" target=\"_blank\" rel=\"noreferrer noopener\">Automatizovan\u00e9 hodnocen\u00ed matematick\u00fdch \u00faloh s moodle pluginem STACK<\/a><\/strong><br><a href=\"https:\/\/home.pf.jcu.cz\/~upvm\/2025\/2025\/11\/10\/zuzana-patikova\/\" target=\"_blank\" rel=\"noreferrer noopener\">doc. Mgr. Zuzana P\u00e1t\u00edkov\u00e1, Ph.D.<\/a><br><em>Univerzita Tom\u00e1\u0161e Bati Zl\u00edn<\/em><\/p>\n","protected":false},"excerpt":{"rendered":"<p>Diagnosing and supporting pupils with severe difficulties in learning arithmeticProf. Dr. Volker UlmUniversit\u00e4t Bayreuth Dynamick\u00e1 geometrie aneb GeoGebra v akciMgr. Tom\u00e1\u0161 Fabi\u00e1nGymn\u00e1zium, Dv\u016fr Kr\u00e1lov\u00e9 nad Labem Popularizace statistiky s \u010cesk\u00fdm statistick\u00fdm \u00fa\u0159ademIng. Petra Kuncov\u00e1\u010cesk\u00fd statistick\u00fd \u00fa\u0159ad Automatizovan\u00e9 hodnocen\u00ed matematick\u00fdch \u00faloh s moodle pluginem STACKdoc. Mgr. Zuzana P\u00e1t\u00edkov\u00e1, Ph.D.Univerzita Tom\u00e1\u0161e Bati Zl\u00edn<\/p>\n","protected":false},"author":1,"featured_media":0,"parent":0,"menu_order":0,"comment_status":"closed","ping_status":"open","template":"","meta":{"footnotes":""},"class_list":["post-59","page","type-page","status-publish","hentry"],"_links":{"self":[{"href":"https:\/\/home.pf.jcu.cz\/~upvm\/2025\/wp-json\/wp\/v2\/pages\/59","targetHints":{"allow":["GET"]}}],"collection":[{"href":"https:\/\/home.pf.jcu.cz\/~upvm\/2025\/wp-json\/wp\/v2\/pages"}],"about":[{"href":"https:\/\/home.pf.jcu.cz\/~upvm\/2025\/wp-json\/wp\/v2\/types\/page"}],"author":[{"embeddable":true,"href":"https:\/\/home.pf.jcu.cz\/~upvm\/2025\/wp-json\/wp\/v2\/users\/1"}],"replies":[{"embeddable":true,"href":"https:\/\/home.pf.jcu.cz\/~upvm\/2025\/wp-json\/wp\/v2\/comments?post=59"}],"version-history":[{"count":15,"href":"https:\/\/home.pf.jcu.cz\/~upvm\/2025\/wp-json\/wp\/v2\/pages\/59\/revisions"}],"predecessor-version":[{"id":1897,"href":"https:\/\/home.pf.jcu.cz\/~upvm\/2025\/wp-json\/wp\/v2\/pages\/59\/revisions\/1897"}],"wp:attachment":[{"href":"https:\/\/home.pf.jcu.cz\/~upvm\/2025\/wp-json\/wp\/v2\/media?parent=59"}],"curies":[{"name":"wp","href":"https:\/\/api.w.org\/{rel}","templated":true}]}}